{"id":996,"date":"2025-07-21T17:53:42","date_gmt":"2025-07-21T15:53:42","guid":{"rendered":"https:\/\/mallorcavr.es\/pack-esdeveniments\/"},"modified":"2026-02-11T13:14:35","modified_gmt":"2026-02-11T12:14:35","slug":"pack-esdeveniments","status":"publish","type":"page","link":"https:\/\/mallorcavr.es\/ca\/esdeveniments\/pack-esdeveniments\/","title":{"rendered":"Pack Esdeveniments"},"content":{"rendered":"\t\t<div data-elementor-type=\"wp-page\" data-elementor-id=\"996\" class=\"elementor elementor-996 elementor-293\" data-elementor-post-type=\"page\">\n\t\t\t\t<div class=\"elementor-element elementor-element-48e9c1e e-flex e-con-boxed e-con e-parent\" data-id=\"48e9c1e\" data-element_type=\"container\" data-e-type=\"container\" data-settings=\"{&quot;background_background&quot;:&quot;classic&quot;,&quot;jet_parallax_layout_list&quot;:[]}\">\n\t\t\t\t\t<div class=\"e-con-inner\">\n\t\t\t\t<div class=\"elementor-element elementor-element-140962f elementor-invisible elementor-widget elementor-widget-heading\" data-id=\"140962f\" data-element_type=\"widget\" data-e-type=\"widget\" data-settings=\"{&quot;_animation&quot;:&quot;fadeInUp&quot;}\" data-widget_type=\"heading.default\">\n\t\t\t\t\t<h1 class=\"elementor-heading-title elementor-size-default\">Pack Esdeveniments<\/h1>\t\t\t\t<\/div>\n\t\t\t\t<div class=\"elementor-element elementor-element-54864d4 elementor-invisible elementor-widget elementor-widget-heading\" data-id=\"54864d4\" data-element_type=\"widget\" data-e-type=\"widget\" data-settings=\"{&quot;_animation&quot;:&quot;fadeInUp&quot;,&quot;_animation_delay&quot;:200}\" data-widget_type=\"heading.default\">\n\t\t\t\t\t<h3 class=\"elementor-heading-title elementor-size-default\">Porta el teu esdeveniment al seg\u00fcent nivell amb Mallorca Zero Latency!\n\n<\/h3>\t\t\t\t<\/div>\n\t\t\t\t\t<\/div>\n\t\t\t\t<\/div>\n\t\t<div class=\"elementor-element elementor-element-8a76c9f e-flex e-con-boxed e-con e-parent\" data-id=\"8a76c9f\" data-element_type=\"container\" data-e-type=\"container\" data-settings=\"{&quot;jet_parallax_layout_list&quot;:[],&quot;background_background&quot;:&quot;classic&quot;}\">\n\t\t\t\t\t<div class=\"e-con-inner\">\n\t\t<div class=\"elementor-element elementor-element-a89fd5b e-con-full e-flex e-con e-child\" data-id=\"a89fd5b\" data-element_type=\"container\" data-e-type=\"container\" data-settings=\"{&quot;jet_parallax_layout_list&quot;:[]}\">\n\t\t\t\t<div class=\"elementor-element elementor-element-b200562 elementor-widget elementor-widget-icon-box\" data-id=\"b200562\" data-element_type=\"widget\" data-e-type=\"widget\" data-widget_type=\"icon-box.default\">\n\t\t\t\t\t\t\t<div class=\"elementor-icon-box-wrapper\">\n\n\t\t\t\n\t\t\t\t\t\t<div class=\"elementor-icon-box-content\">\n\n\t\t\t\t\t\t\t\t\t<div class=\"elementor-icon-box-title\">\n\t\t\t\t\t\t<span  >\n\t\t\t\t\t\t\tEsdeveniment ZL + Minijocs  \t\t\t\t\t\t<\/span>\n\t\t\t\t\t<\/div>\n\t\t\t\t\n\t\t\t\t\t\t\t\t\t<p class=\"elementor-icon-box-description\">\n\t\t\t\t\t\t(8-24 jugadors)\t\t\t\t\t<\/p>\n\t\t\t\t\n\t\t\t<\/div>\n\t\t\t\n\t\t<\/div>\n\t\t\t\t\t\t<\/div>\n\t\t\t\t<div class=\"elementor-element elementor-element-5fb292d elementor-widget elementor-widget-image\" data-id=\"5fb292d\" data-element_type=\"widget\" data-e-type=\"widget\" data-widget_type=\"image.default\">\n\t\t\t\t\t\t\t\t\t\t\t\t\t\t\t<img fetchpriority=\"high\" decoding=\"async\" width=\"800\" height=\"450\" src=\"https:\/\/mallorcavr.es\/wp-content\/uploads\/2025\/11\/evento-zero-latency-1024x576.webp\" class=\"attachment-large size-large wp-image-2887\" alt=\"\" srcset=\"https:\/\/mallorcavr.es\/wp-content\/uploads\/2025\/11\/evento-zero-latency-1024x576.webp 1024w, https:\/\/mallorcavr.es\/wp-content\/uploads\/2025\/11\/evento-zero-latency-300x169.webp 300w, https:\/\/mallorcavr.es\/wp-content\/uploads\/2025\/11\/evento-zero-latency-768x432.webp 768w, https:\/\/mallorcavr.es\/wp-content\/uploads\/2025\/11\/evento-zero-latency-1536x864.webp 1536w, https:\/\/mallorcavr.es\/wp-content\/uploads\/2025\/11\/evento-zero-latency.webp 1920w\" sizes=\"(max-width: 800px) 100vw, 800px\" \/>\t\t\t\t\t\t\t\t\t\t\t\t\t\t\t<\/div>\n\t\t\t\t<div class=\"elementor-element elementor-element-34f4fda elementor-widget elementor-widget-text-editor\" data-id=\"34f4fda\" data-element_type=\"widget\" data-e-type=\"widget\" data-widget_type=\"text-editor.default\">\n\t\t\t\t\t\t\t\t\t<header class=\"product-header ng-tns-c2480225941-12 ng-star-inserted\"><div class=\"product-information ng-tns-c2480225941-12 ng-star-inserted\"><div class=\"product-description ng-star-inserted\"><span id=\"product-details-short-product-description\" class=\"product-description__text ng-star-inserted\"><strong>30 minuts<\/strong> d\u00b4acci\u00f3 hiperreal d\u00b4\u00faltima generaci\u00f3 amb trets i adrenalina + <strong>30 minuts<\/strong> de jocs curts perfectes per a una estona de rialles.<\/span><\/div><\/div><\/header><div class=\"product-ordering-notices ng-star-inserted\"> <\/div><section class=\"details-when-attending details-when-attending--price-rules ng-star-inserted\"><section id=\"when-attending-title-row-details\" class=\"when-attending-title-row\"><\/section><\/section>\t\t\t\t\t\t\t\t<\/div>\n\t\t\t\t<div class=\"elementor-element elementor-element-6d47cbd elementor-align-justify elementor-widget elementor-widget-button\" data-id=\"6d47cbd\" data-element_type=\"widget\" data-e-type=\"widget\" data-widget_type=\"button.default\">\n\t\t\t\t\t\t\t\t\t\t<a class=\"elementor-button elementor-button-link elementor-size-md\" href=\"https:\/\/ecom.roller.app\/zerolatencymallorca\/reservas\/es\/product\/1162222\" target=\"_blank\" rel=\"noopener noreferrer nofollow\">\n\t\t\t\t\t\t<span class=\"elementor-button-content-wrapper\">\n\t\t\t\t\t\t\t\t\t<span class=\"elementor-button-text\">RESERVAR<\/span>\n\t\t\t\t\t<\/span>\n\t\t\t\t\t<\/a>\n\t\t\t\t\t\t\t\t<\/div>\n\t\t\t\t<div class=\"elementor-element elementor-element-c9797c1 elementor-widget elementor-widget-heading\" data-id=\"c9797c1\" data-element_type=\"widget\" data-e-type=\"widget\" data-widget_type=\"heading.default\">\n\t\t\t\t\t<div class=\"elementor-heading-title elementor-size-default\">Consultar <a style=\"color: #42c0f0;font-weight: bold\" href=\"https:\/\/mallorcavr.es\/wp-content\/uploads\/2025\/12\/pack-cumpleanos-pumo-zero.webp\" target=\"a_blank\">MEN\u00da PUMO FOODTRUCK<\/a> \n<br>Tria el teu men\u00fa en reservar (fins a 48 h abans). <\/div>\t\t\t\t<\/div>\n\t\t\t\t<\/div>\n\t\t<div class=\"elementor-element elementor-element-427e6c4 e-con-full e-flex e-con e-child\" data-id=\"427e6c4\" data-element_type=\"container\" data-e-type=\"container\" data-settings=\"{&quot;jet_parallax_layout_list&quot;:[]}\">\n\t\t\t\t<div class=\"elementor-element elementor-element-16ed777 elementor-widget elementor-widget-icon-box\" data-id=\"16ed777\" data-element_type=\"widget\" data-e-type=\"widget\" data-widget_type=\"icon-box.default\">\n\t\t\t\t\t\t\t<div class=\"elementor-icon-box-wrapper\">\n\n\t\t\t\n\t\t\t\t\t\t<div class=\"elementor-icon-box-content\">\n\n\t\t\t\t\t\t\t\t\t<div class=\"elementor-icon-box-title\">\n\t\t\t\t\t\t<span  >\n\t\t\t\t\t\t\tEsdeveniment ZL + Escape\t\t\t\t\t\t<\/span>\n\t\t\t\t\t<\/div>\n\t\t\t\t\n\t\t\t\t\t\t\t\t\t<p class=\"elementor-icon-box-description\">\n\t\t\t\t\t\t(8-16 jugadors)\t\t\t\t\t<\/p>\n\t\t\t\t\n\t\t\t<\/div>\n\t\t\t\n\t\t<\/div>\n\t\t\t\t\t\t<\/div>\n\t\t\t\t<div class=\"elementor-element elementor-element-b2b6fdc elementor-widget elementor-widget-image\" data-id=\"b2b6fdc\" data-element_type=\"widget\" data-e-type=\"widget\" data-widget_type=\"image.default\">\n\t\t\t\t\t\t\t\t\t\t\t\t\t\t\t<img decoding=\"async\" width=\"800\" height=\"450\" src=\"https:\/\/mallorcavr.es\/wp-content\/uploads\/2025\/11\/evento-zero-escape-1024x576.webp\" class=\"attachment-large size-large wp-image-2883\" alt=\"\" srcset=\"https:\/\/mallorcavr.es\/wp-content\/uploads\/2025\/11\/evento-zero-escape-1024x576.webp 1024w, https:\/\/mallorcavr.es\/wp-content\/uploads\/2025\/11\/evento-zero-escape-300x169.webp 300w, https:\/\/mallorcavr.es\/wp-content\/uploads\/2025\/11\/evento-zero-escape-768x432.webp 768w, https:\/\/mallorcavr.es\/wp-content\/uploads\/2025\/11\/evento-zero-escape-1536x864.webp 1536w, https:\/\/mallorcavr.es\/wp-content\/uploads\/2025\/11\/evento-zero-escape.webp 1920w\" sizes=\"(max-width: 800px) 100vw, 800px\" \/>\t\t\t\t\t\t\t\t\t\t\t\t\t\t\t<\/div>\n\t\t\t\t<div class=\"elementor-element elementor-element-3618812 elementor-widget elementor-widget-text-editor\" data-id=\"3618812\" data-element_type=\"widget\" data-e-type=\"widget\" data-widget_type=\"text-editor.default\">\n\t\t\t\t\t\t\t\t\t<header class=\"product-header ng-tns-c2480225941-12 ng-star-inserted\"><div class=\"product-information ng-tns-c2480225941-12 ng-star-inserted\"><div class=\"product-description ng-star-inserted\"><strong>30 min<\/strong> d\u00b4acci\u00f3 hiperreal \u00faltima generaci\u00f3 amb trets i adrenalina + <strong>40 min<\/strong> d\u00b4aventura escape room on col\u00b7laborar en equip i resoldre enigmes.<\/div><\/div><\/header><div class=\"product-ordering-notices ng-star-inserted\"> <\/div><section class=\"details-when-attending details-when-attending--price-rules ng-star-inserted\"><section id=\"when-attending-title-row-details\" class=\"when-attending-title-row\"><\/section><\/section>\t\t\t\t\t\t\t\t<\/div>\n\t\t\t\t<div class=\"elementor-element elementor-element-1141d72 elementor-align-justify elementor-widget elementor-widget-button\" data-id=\"1141d72\" data-element_type=\"widget\" data-e-type=\"widget\" data-widget_type=\"button.default\">\n\t\t\t\t\t\t\t\t\t\t<a class=\"elementor-button elementor-button-link elementor-size-md\" href=\"https:\/\/ecom.roller.app\/zerolatencymallorca\/reservas\/es\/product\/1174301\" target=\"_blank\" rel=\"noopener noreferrer nofollow\">\n\t\t\t\t\t\t<span class=\"elementor-button-content-wrapper\">\n\t\t\t\t\t\t\t\t\t<span class=\"elementor-button-text\">RESERVAR<\/span>\n\t\t\t\t\t<\/span>\n\t\t\t\t\t<\/a>\n\t\t\t\t\t\t\t\t<\/div>\n\t\t\t\t<div class=\"elementor-element elementor-element-75b4e6a elementor-widget elementor-widget-heading\" data-id=\"75b4e6a\" data-element_type=\"widget\" data-e-type=\"widget\" data-widget_type=\"heading.default\">\n\t\t\t\t\t<div class=\"elementor-heading-title elementor-size-default\">Consultar <a style=\"color: #42c0f0;font-weight: bold\" href=\"https:\/\/mallorcavr.es\/wp-content\/uploads\/2025\/12\/pack-cumpleanos-pumo-zero.webp\" target=\"a_blank\">MEN\u00da PUMO FOODTRUCK<\/a> \n<br>Tria el teu men\u00fa en reservar (fins a 48 h abans). <\/div>\t\t\t\t<\/div>\n\t\t\t\t<\/div>\n\t\t<div class=\"elementor-element elementor-element-6e16f16 e-con-full e-flex e-con e-child\" data-id=\"6e16f16\" data-element_type=\"container\" data-e-type=\"container\" data-settings=\"{&quot;jet_parallax_layout_list&quot;:[]}\">\n\t\t\t\t<div class=\"elementor-element elementor-element-e725dec elementor-widget elementor-widget-icon-box\" data-id=\"e725dec\" data-element_type=\"widget\" data-e-type=\"widget\" data-widget_type=\"icon-box.default\">\n\t\t\t\t\t\t\t<div class=\"elementor-icon-box-wrapper\">\n\n\t\t\t\n\t\t\t\t\t\t<div class=\"elementor-icon-box-content\">\n\n\t\t\t\t\t\t\t\t\t<div class=\"elementor-icon-box-title\">\n\t\t\t\t\t\t<span  >\n\t\t\t\t\t\t\tEsdeveniment Zero Latency\t\t\t\t\t\t<\/span>\n\t\t\t\t\t<\/div>\n\t\t\t\t\n\t\t\t\t\t\t\t\t\t<p class=\"elementor-icon-box-description\">\n\t\t\t\t\t\t(8-16 jugadors)\t\t\t\t\t<\/p>\n\t\t\t\t\n\t\t\t<\/div>\n\t\t\t\n\t\t<\/div>\n\t\t\t\t\t\t<\/div>\n\t\t\t\t<div class=\"elementor-element elementor-element-691e81c elementor-widget elementor-widget-image\" data-id=\"691e81c\" data-element_type=\"widget\" data-e-type=\"widget\" data-widget_type=\"image.default\">\n\t\t\t\t\t\t\t\t\t\t\t\t\t\t\t<img decoding=\"async\" width=\"800\" height=\"450\" src=\"https:\/\/mallorcavr.es\/wp-content\/uploads\/2025\/11\/evento-zero-1024x576.webp\" class=\"attachment-large size-large wp-image-2879\" alt=\"\" srcset=\"https:\/\/mallorcavr.es\/wp-content\/uploads\/2025\/11\/evento-zero-1024x576.webp 1024w, https:\/\/mallorcavr.es\/wp-content\/uploads\/2025\/11\/evento-zero-300x169.webp 300w, https:\/\/mallorcavr.es\/wp-content\/uploads\/2025\/11\/evento-zero-768x432.webp 768w, https:\/\/mallorcavr.es\/wp-content\/uploads\/2025\/11\/evento-zero-1536x864.webp 1536w, https:\/\/mallorcavr.es\/wp-content\/uploads\/2025\/11\/evento-zero.webp 1920w\" sizes=\"(max-width: 800px) 100vw, 800px\" \/>\t\t\t\t\t\t\t\t\t\t\t\t\t\t\t<\/div>\n\t\t\t\t<div class=\"elementor-element elementor-element-765ed3f elementor-widget elementor-widget-text-editor\" data-id=\"765ed3f\" data-element_type=\"widget\" data-e-type=\"widget\" data-widget_type=\"text-editor.default\">\n\t\t\t\t\t\t\t\t\t<header class=\"product-header ng-tns-c2480225941-12 ng-star-inserted\"><div class=\"product-information ng-tns-c2480225941-12 ng-star-inserted\"><div class=\"product-description ng-star-inserted\"><strong>45 minuts<\/strong> d\u00b4acci\u00f3 hiperreal d\u00b4\u00faltima generaci\u00f3 plens d\u00b4intensitat, trets, adrenalina i diversi\u00f3.<\/div><div> <\/div><\/div><\/header><div class=\"product-ordering-notices ng-star-inserted\"> <\/div><section class=\"details-when-attending details-when-attending--price-rules ng-star-inserted\"><section id=\"when-attending-title-row-details\" class=\"when-attending-title-row\"><\/section><\/section>\t\t\t\t\t\t\t\t<\/div>\n\t\t\t\t<div class=\"elementor-element elementor-element-dc93c58 elementor-align-justify elementor-widget elementor-widget-button\" data-id=\"dc93c58\" data-element_type=\"widget\" data-e-type=\"widget\" data-widget_type=\"button.default\">\n\t\t\t\t\t\t\t\t\t\t<a class=\"elementor-button elementor-button-link elementor-size-md\" href=\"https:\/\/ecom.roller.app\/zerolatencymallorca\/reservas\/es\/product\/1161040\" target=\"_blank\" rel=\"noopener noreferrer nofollow\">\n\t\t\t\t\t\t<span class=\"elementor-button-content-wrapper\">\n\t\t\t\t\t\t\t\t\t<span class=\"elementor-button-text\">RESERVAR<\/span>\n\t\t\t\t\t<\/span>\n\t\t\t\t\t<\/a>\n\t\t\t\t\t\t\t\t<\/div>\n\t\t\t\t<div class=\"elementor-element elementor-element-460ee1d elementor-widget elementor-widget-heading\" data-id=\"460ee1d\" data-element_type=\"widget\" data-e-type=\"widget\" data-widget_type=\"heading.default\">\n\t\t\t\t\t<div class=\"elementor-heading-title elementor-size-default\">Consultar <a style=\"color: #42c0f0;font-weight: bold\" href=\"https:\/\/mallorcavr.es\/wp-content\/uploads\/2025\/12\/pack-cumpleanos-pumo-zero.webp\" target=\"a_blank\">MEN\u00da PUMO FOODTRUCK<\/a> \n<br>Tria el teu men\u00fa en reservar (fins a 48 h abans). <\/div>\t\t\t\t<\/div>\n\t\t\t\t<\/div>\n\t\t<div class=\"elementor-element elementor-element-8bae2d2 e-con-full e-flex e-con e-child\" data-id=\"8bae2d2\" data-element_type=\"container\" data-e-type=\"container\" data-settings=\"{&quot;jet_parallax_layout_list&quot;:[]}\">\n\t\t\t\t<div class=\"elementor-element elementor-element-df02401 elementor-widget elementor-widget-icon-box\" data-id=\"df02401\" data-element_type=\"widget\" data-e-type=\"widget\" data-widget_type=\"icon-box.default\">\n\t\t\t\t\t\t\t<div class=\"elementor-icon-box-wrapper\">\n\n\t\t\t\n\t\t\t\t\t\t<div class=\"elementor-icon-box-content\">\n\n\t\t\t\t\t\t\t\t\t<div class=\"elementor-icon-box-title\">\n\t\t\t\t\t\t<span  >\n\t\t\t\t\t\t\tEsdeveniment Escape + Minijocs\t\t\t\t\t\t<\/span>\n\t\t\t\t\t<\/div>\n\t\t\t\t\n\t\t\t\t\t\t\t\t\t<p class=\"elementor-icon-box-description\">\n\t\t\t\t\t\t(4-8 jugadors)\t\t\t\t\t<\/p>\n\t\t\t\t\n\t\t\t<\/div>\n\t\t\t\n\t\t<\/div>\n\t\t\t\t\t\t<\/div>\n\t\t\t\t<div class=\"elementor-element elementor-element-1635dc8 elementor-widget elementor-widget-image\" data-id=\"1635dc8\" data-element_type=\"widget\" data-e-type=\"widget\" data-widget_type=\"image.default\">\n\t\t\t\t\t\t\t\t\t\t\t\t\t\t\t<img loading=\"lazy\" decoding=\"async\" width=\"800\" height=\"450\" src=\"https:\/\/mallorcavr.es\/wp-content\/uploads\/2025\/12\/EscapeMinijuego_Evento-1024x576.jpg\" class=\"attachment-large size-large wp-image-3391\" alt=\"\" srcset=\"https:\/\/mallorcavr.es\/wp-content\/uploads\/2025\/12\/EscapeMinijuego_Evento-1024x576.jpg 1024w, https:\/\/mallorcavr.es\/wp-content\/uploads\/2025\/12\/EscapeMinijuego_Evento-300x169.jpg 300w, https:\/\/mallorcavr.es\/wp-content\/uploads\/2025\/12\/EscapeMinijuego_Evento-768x432.jpg 768w, https:\/\/mallorcavr.es\/wp-content\/uploads\/2025\/12\/EscapeMinijuego_Evento-1536x864.jpg 1536w, https:\/\/mallorcavr.es\/wp-content\/uploads\/2025\/12\/EscapeMinijuego_Evento.jpg 1920w\" sizes=\"(max-width: 800px) 100vw, 800px\" \/>\t\t\t\t\t\t\t\t\t\t\t\t\t\t\t<\/div>\n\t\t\t\t<div class=\"elementor-element elementor-element-0931938 elementor-widget elementor-widget-text-editor\" data-id=\"0931938\" data-element_type=\"widget\" data-e-type=\"widget\" data-widget_type=\"text-editor.default\">\n\t\t\t\t\t\t\t\t\t<header class=\"product-header ng-tns-c2480225941-12 ng-star-inserted\"><div class=\"product-information ng-tns-c2480225941-12 ng-star-inserted\"><div class=\"product-description ng-star-inserted\"><strong>40 minuts<\/strong> d&#8217;aventura escape room on col\u00b7laborar en equip i resoldre enigmes + <strong>30 minuts<\/strong> de jocs curts perfectes per a una estona de rialles.<\/div><div> <\/div><\/div><\/header><div class=\"product-ordering-notices ng-star-inserted\"> <\/div><section class=\"details-when-attending details-when-attending--price-rules ng-star-inserted\"><section id=\"when-attending-title-row-details\" class=\"when-attending-title-row\"><\/section><\/section>\t\t\t\t\t\t\t\t<\/div>\n\t\t\t\t<div class=\"elementor-element elementor-element-e22d63f elementor-align-justify elementor-widget elementor-widget-button\" data-id=\"e22d63f\" data-element_type=\"widget\" data-e-type=\"widget\" data-widget_type=\"button.default\">\n\t\t\t\t\t\t\t\t\t\t<a class=\"elementor-button elementor-button-link elementor-size-md\" href=\"https:\/\/ecom.roller.app\/zerolatencymallorca\/reservas\/es\/product\/1172045\" target=\"_blank\" rel=\"noopener noreferrer nofollow\">\n\t\t\t\t\t\t<span class=\"elementor-button-content-wrapper\">\n\t\t\t\t\t\t\t\t\t<span class=\"elementor-button-text\">RESERVAR<\/span>\n\t\t\t\t\t<\/span>\n\t\t\t\t\t<\/a>\n\t\t\t\t\t\t\t\t<\/div>\n\t\t\t\t<div class=\"elementor-element elementor-element-d90b126 elementor-widget elementor-widget-heading\" data-id=\"d90b126\" data-element_type=\"widget\" data-e-type=\"widget\" data-widget_type=\"heading.default\">\n\t\t\t\t\t<div class=\"elementor-heading-title elementor-size-default\">Consultar <a style=\"color: #42c0f0;font-weight: bold\" href=\"https:\/\/mallorcavr.es\/wp-content\/uploads\/2025\/12\/pack-cumpleanos-pumo-zero.webp\" target=\"a_blank\">MEN\u00da PUMO FOODTRUCK<\/a> \n<br>Tria el teu men\u00fa en reservar (fins a 48 h abans). <\/div>\t\t\t\t<\/div>\n\t\t\t\t<\/div>\n\t\t\t\t\t<\/div>\n\t\t\t\t<\/div>\n\t\t<div class=\"elementor-element elementor-element-7f424c0 e-flex e-con-boxed e-con e-parent\" data-id=\"7f424c0\" data-element_type=\"container\" data-e-type=\"container\" data-settings=\"{&quot;background_background&quot;:&quot;classic&quot;,&quot;jet_parallax_layout_list&quot;:[]}\">\n\t\t\t\t\t<div class=\"e-con-inner\">\n\t\t\t\t<div class=\"elementor-element elementor-element-0144776 elementor-hidden-desktop elementor-hidden-tablet elementor-widget elementor-widget-image\" data-id=\"0144776\" data-element_type=\"widget\" data-e-type=\"widget\" data-widget_type=\"image.default\">\n\t\t\t\t\t\t\t\t\t\t\t\t\t\t\t<img loading=\"lazy\" decoding=\"async\" width=\"576\" height=\"1024\" src=\"https:\/\/mallorcavr.es\/wp-content\/uploads\/2025\/12\/horas-movil-zero-576x1024.webp\" class=\"attachment-large size-large wp-image-3518\" alt=\"\" srcset=\"https:\/\/mallorcavr.es\/wp-content\/uploads\/2025\/12\/horas-movil-zero-576x1024.webp 576w, https:\/\/mallorcavr.es\/wp-content\/uploads\/2025\/12\/horas-movil-zero-169x300.webp 169w, https:\/\/mallorcavr.es\/wp-content\/uploads\/2025\/12\/horas-movil-zero-768x1365.webp 768w, https:\/\/mallorcavr.es\/wp-content\/uploads\/2025\/12\/horas-movil-zero-864x1536.webp 864w, https:\/\/mallorcavr.es\/wp-content\/uploads\/2025\/12\/horas-movil-zero.webp 1080w\" sizes=\"(max-width: 576px) 100vw, 576px\" \/>\t\t\t\t\t\t\t\t\t\t\t\t\t\t\t<\/div>\n\t\t\t\t<div class=\"elementor-element elementor-element-66ffca4 elementor-hidden-mobile elementor-widget elementor-widget-image\" data-id=\"66ffca4\" data-element_type=\"widget\" data-e-type=\"widget\" data-widget_type=\"image.default\">\n\t\t\t\t\t\t\t\t\t\t\t\t\t\t\t<img loading=\"lazy\" decoding=\"async\" width=\"800\" height=\"450\" src=\"https:\/\/mallorcavr.es\/wp-content\/uploads\/2025\/12\/horas-zero-1024x576.webp\" class=\"attachment-large size-large wp-image-3513\" alt=\"\" srcset=\"https:\/\/mallorcavr.es\/wp-content\/uploads\/2025\/12\/horas-zero-1024x576.webp 1024w, https:\/\/mallorcavr.es\/wp-content\/uploads\/2025\/12\/horas-zero-300x169.webp 300w, https:\/\/mallorcavr.es\/wp-content\/uploads\/2025\/12\/horas-zero-768x432.webp 768w, https:\/\/mallorcavr.es\/wp-content\/uploads\/2025\/12\/horas-zero-1536x864.webp 1536w, https:\/\/mallorcavr.es\/wp-content\/uploads\/2025\/12\/horas-zero.webp 1920w\" sizes=\"(max-width: 800px) 100vw, 800px\" \/>\t\t\t\t\t\t\t\t\t\t\t\t\t\t\t<\/div>\n\t\t\t\t\t<\/div>\n\t\t\t\t<\/div>\n\t\t\t\t<\/div>\n\t\t","protected":false},"excerpt":{"rendered":"<p>Porta el teu esdeveniment al seg\u00fcent nivell amb Mallorca Zero Latency! Esdeveniment ZL + Minijocs (8-24 jugadors) 30 minuts d\u00b4acci\u00f3 hiperreal d\u00b4\u00faltima generaci\u00f3 amb trets i adrenalina + 30 minuts de jocs curts perfectes per a una estona de rialles. RESERVAR Consultar MEN\u00da PUMO FOODTRUCK Tria el teu men\u00fa en reservar (fins a 48 h [&hellip;]<\/p>\n","protected":false},"author":1,"featured_media":0,"parent":1042,"menu_order":0,"comment_status":"closed","ping_status":"closed","template":"","meta":{"footnotes":""},"class_list":["post-996","page","type-page","status-publish","hentry"],"_links":{"self":[{"href":"https:\/\/mallorcavr.es\/ca\/wp-json\/wp\/v2\/pages\/996","targetHints":{"allow":["GET"]}}],"collection":[{"href":"https:\/\/mallorcavr.es\/ca\/wp-json\/wp\/v2\/pages"}],"about":[{"href":"https:\/\/mallorcavr.es\/ca\/wp-json\/wp\/v2\/types\/page"}],"author":[{"embeddable":true,"href":"https:\/\/mallorcavr.es\/ca\/wp-json\/wp\/v2\/users\/1"}],"replies":[{"embeddable":true,"href":"https:\/\/mallorcavr.es\/ca\/wp-json\/wp\/v2\/comments?post=996"}],"version-history":[{"count":20,"href":"https:\/\/mallorcavr.es\/ca\/wp-json\/wp\/v2\/pages\/996\/revisions"}],"predecessor-version":[{"id":3746,"href":"https:\/\/mallorcavr.es\/ca\/wp-json\/wp\/v2\/pages\/996\/revisions\/3746"}],"up":[{"embeddable":true,"href":"https:\/\/mallorcavr.es\/ca\/wp-json\/wp\/v2\/pages\/1042"}],"wp:attachment":[{"href":"https:\/\/mallorcavr.es\/ca\/wp-json\/wp\/v2\/media?parent=996"}],"curies":[{"name":"wp","href":"https:\/\/api.w.org\/{rel}","templated":true}]}}