{"id":2527,"date":"2025-10-08T18:11:48","date_gmt":"2025-10-08T16:11:48","guid":{"rendered":"https:\/\/mallorcavr.es\/esdeveniments\/pack-esdeveniments\/grups-o-equips\/"},"modified":"2026-02-11T13:17:47","modified_gmt":"2026-02-11T12:17:47","slug":"grups-o-equips","status":"publish","type":"page","link":"https:\/\/mallorcavr.es\/ca\/esdeveniments\/pack-esdeveniments\/grups-o-equips\/","title":{"rendered":"Grups o Equips"},"content":{"rendered":"\t\t<div data-elementor-type=\"wp-page\" data-elementor-id=\"2527\" class=\"elementor elementor-2527 elementor-2525\" data-elementor-post-type=\"page\">\n\t\t\t\t<div class=\"elementor-element elementor-element-7ceb717 e-flex e-con-boxed e-con e-parent\" data-id=\"7ceb717\" data-element_type=\"container\" data-e-type=\"container\" data-settings=\"{&quot;background_background&quot;:&quot;classic&quot;,&quot;jet_parallax_layout_list&quot;:[]}\">\n\t\t\t\t\t<div class=\"e-con-inner\">\n\t\t\t\t<div class=\"elementor-element elementor-element-ad01de4 elementor-invisible elementor-widget elementor-widget-heading\" data-id=\"ad01de4\" data-element_type=\"widget\" data-e-type=\"widget\" data-settings=\"{&quot;_animation&quot;:&quot;fadeInUp&quot;}\" data-widget_type=\"heading.default\">\n\t\t\t\t\t<h1 class=\"elementor-heading-title elementor-size-default\">Grups o Equips<\/h1>\t\t\t\t<\/div>\n\t\t\t\t<div class=\"elementor-element elementor-element-e4db566 elementor-invisible elementor-widget elementor-widget-heading\" data-id=\"e4db566\" data-element_type=\"widget\" data-e-type=\"widget\" data-settings=\"{&quot;_animation&quot;:&quot;fadeInUp&quot;,&quot;_animation_delay&quot;:200}\" data-widget_type=\"heading.default\">\n\t\t\t\t\t<h3 class=\"elementor-heading-title elementor-size-default\">Busques una activitat diferent per gaudir amb el teu grup d'amics, equip esportiu o associaci\u00f3?\nA Mallorca VR us oferim una experi\u00e8ncia immersiva \u00fanica on la diversi\u00f3 i l'esperit d'equip estan assegurats.<\/h3>\t\t\t\t<\/div>\n\t\t\t\t\t<\/div>\n\t\t\t\t<\/div>\n\t\t<div class=\"elementor-element elementor-element-3aa66bd e-flex e-con-boxed e-con e-parent\" data-id=\"3aa66bd\" data-element_type=\"container\" data-e-type=\"container\" data-settings=\"{&quot;jet_parallax_layout_list&quot;:[],&quot;background_background&quot;:&quot;classic&quot;}\">\n\t\t\t\t\t<div class=\"e-con-inner\">\n\t\t<div class=\"elementor-element elementor-element-06cfb41 e-con-full e-flex e-con e-child\" data-id=\"06cfb41\" data-element_type=\"container\" data-e-type=\"container\" data-settings=\"{&quot;jet_parallax_layout_list&quot;:[]}\">\n\t\t\t\t<div class=\"elementor-element elementor-element-0fc4066 elementor-widget elementor-widget-icon-box\" data-id=\"0fc4066\" data-element_type=\"widget\" data-e-type=\"widget\" data-widget_type=\"icon-box.default\">\n\t\t\t\t\t\t\t<div class=\"elementor-icon-box-wrapper\">\n\n\t\t\t\n\t\t\t\t\t\t<div class=\"elementor-icon-box-content\">\n\n\t\t\t\t\t\t\t\t\t<div class=\"elementor-icon-box-title\">\n\t\t\t\t\t\t<span  >\n\t\t\t\t\t\t\tEsdeveniment ZL + Minijocs  \t\t\t\t\t\t<\/span>\n\t\t\t\t\t<\/div>\n\t\t\t\t\n\t\t\t\t\t\t\t\t\t<p class=\"elementor-icon-box-description\">\n\t\t\t\t\t\t(8-24 jugadors)\t\t\t\t\t<\/p>\n\t\t\t\t\n\t\t\t<\/div>\n\t\t\t\n\t\t<\/div>\n\t\t\t\t\t\t<\/div>\n\t\t\t\t<div class=\"elementor-element elementor-element-d9f635a elementor-widget elementor-widget-image\" data-id=\"d9f635a\" data-element_type=\"widget\" data-e-type=\"widget\" data-widget_type=\"image.default\">\n\t\t\t\t\t\t\t\t\t\t\t\t\t\t\t<img fetchpriority=\"high\" decoding=\"async\" width=\"800\" height=\"450\" src=\"https:\/\/mallorcavr.es\/wp-content\/uploads\/2025\/11\/evento-zero-latency-1024x576.webp\" class=\"attachment-large size-large wp-image-2887\" alt=\"\" srcset=\"https:\/\/mallorcavr.es\/wp-content\/uploads\/2025\/11\/evento-zero-latency-1024x576.webp 1024w, https:\/\/mallorcavr.es\/wp-content\/uploads\/2025\/11\/evento-zero-latency-300x169.webp 300w, https:\/\/mallorcavr.es\/wp-content\/uploads\/2025\/11\/evento-zero-latency-768x432.webp 768w, https:\/\/mallorcavr.es\/wp-content\/uploads\/2025\/11\/evento-zero-latency-1536x864.webp 1536w, https:\/\/mallorcavr.es\/wp-content\/uploads\/2025\/11\/evento-zero-latency.webp 1920w\" sizes=\"(max-width: 800px) 100vw, 800px\" \/>\t\t\t\t\t\t\t\t\t\t\t\t\t\t\t<\/div>\n\t\t\t\t<div class=\"elementor-element elementor-element-a34320e elementor-widget elementor-widget-text-editor\" data-id=\"a34320e\" data-element_type=\"widget\" data-e-type=\"widget\" data-widget_type=\"text-editor.default\">\n\t\t\t\t\t\t\t\t\t<header class=\"product-header ng-tns-c2480225941-12 ng-star-inserted\"><div class=\"product-information ng-tns-c2480225941-12 ng-star-inserted\"><div class=\"product-description ng-star-inserted\"><span id=\"product-details-short-product-description\" class=\"product-description__text ng-star-inserted\"><strong>30 minuts<\/strong> d&#8217;acci\u00f3 hiperreal d&#8217;\u00faltima generaci\u00f3 amb trets i adrenalina + <strong>30 minuts<\/strong> de jocs curts perfectes per a una estona de rialles.<\/span><\/div><\/div><\/header><div class=\"product-ordering-notices ng-star-inserted\"> <\/div><section class=\"details-when-attending details-when-attending--price-rules ng-star-inserted\"><section id=\"when-attending-title-row-details\" class=\"when-attending-title-row\"><\/section><\/section>\t\t\t\t\t\t\t\t<\/div>\n\t\t\t\t<div class=\"elementor-element elementor-element-ec30b92 elementor-align-justify elementor-widget elementor-widget-button\" data-id=\"ec30b92\" data-element_type=\"widget\" data-e-type=\"widget\" data-widget_type=\"button.default\">\n\t\t\t\t\t\t\t\t\t\t<a class=\"elementor-button elementor-button-link elementor-size-md\" href=\"https:\/\/ecom.roller.app\/zerolatencymallorca\/reservas\/es\/product\/1162222\" target=\"_blank\" rel=\"noopener noreferrer nofollow\">\n\t\t\t\t\t\t<span class=\"elementor-button-content-wrapper\">\n\t\t\t\t\t\t\t\t\t<span class=\"elementor-button-text\">RESERVAR<\/span>\n\t\t\t\t\t<\/span>\n\t\t\t\t\t<\/a>\n\t\t\t\t\t\t\t\t<\/div>\n\t\t\t\t<div class=\"elementor-element elementor-element-a2eebb3 elementor-widget elementor-widget-heading\" data-id=\"a2eebb3\" data-element_type=\"widget\" data-e-type=\"widget\" data-widget_type=\"heading.default\">\n\t\t\t\t\t<div class=\"elementor-heading-title elementor-size-default\">Consultar <a style=\"color: #42c0f0;font-weight: bold\" href=\"https:\/\/mallorcavr.es\/wp-content\/uploads\/2025\/12\/pack-cumpleanos-pumo-zero.webp\" target=\"a_blank\">MEN\u00da PUMO FOODTRUCK<\/a> \n<br>Tria el teu men\u00fa en reservar (fins a 48 h abans).  <\/div>\t\t\t\t<\/div>\n\t\t\t\t<\/div>\n\t\t<div class=\"elementor-element elementor-element-98cf154 e-con-full e-flex e-con e-child\" data-id=\"98cf154\" data-element_type=\"container\" data-e-type=\"container\" data-settings=\"{&quot;jet_parallax_layout_list&quot;:[]}\">\n\t\t\t\t<div class=\"elementor-element elementor-element-a2a17bd elementor-widget elementor-widget-icon-box\" data-id=\"a2a17bd\" data-element_type=\"widget\" data-e-type=\"widget\" data-widget_type=\"icon-box.default\">\n\t\t\t\t\t\t\t<div class=\"elementor-icon-box-wrapper\">\n\n\t\t\t\n\t\t\t\t\t\t<div class=\"elementor-icon-box-content\">\n\n\t\t\t\t\t\t\t\t\t<div class=\"elementor-icon-box-title\">\n\t\t\t\t\t\t<span  >\n\t\t\t\t\t\t\tEsdeveniment ZL + Escape\t\t\t\t\t\t<\/span>\n\t\t\t\t\t<\/div>\n\t\t\t\t\n\t\t\t\t\t\t\t\t\t<p class=\"elementor-icon-box-description\">\n\t\t\t\t\t\t(8-16 jugadors)\t\t\t\t\t<\/p>\n\t\t\t\t\n\t\t\t<\/div>\n\t\t\t\n\t\t<\/div>\n\t\t\t\t\t\t<\/div>\n\t\t\t\t<div class=\"elementor-element elementor-element-59e784c elementor-widget elementor-widget-image\" data-id=\"59e784c\" data-element_type=\"widget\" data-e-type=\"widget\" data-widget_type=\"image.default\">\n\t\t\t\t\t\t\t\t\t\t\t\t\t\t\t<img decoding=\"async\" width=\"800\" height=\"450\" src=\"https:\/\/mallorcavr.es\/wp-content\/uploads\/2025\/11\/evento-zero-escape-1024x576.webp\" class=\"attachment-large size-large wp-image-2883\" alt=\"\" srcset=\"https:\/\/mallorcavr.es\/wp-content\/uploads\/2025\/11\/evento-zero-escape-1024x576.webp 1024w, https:\/\/mallorcavr.es\/wp-content\/uploads\/2025\/11\/evento-zero-escape-300x169.webp 300w, https:\/\/mallorcavr.es\/wp-content\/uploads\/2025\/11\/evento-zero-escape-768x432.webp 768w, https:\/\/mallorcavr.es\/wp-content\/uploads\/2025\/11\/evento-zero-escape-1536x864.webp 1536w, https:\/\/mallorcavr.es\/wp-content\/uploads\/2025\/11\/evento-zero-escape.webp 1920w\" sizes=\"(max-width: 800px) 100vw, 800px\" \/>\t\t\t\t\t\t\t\t\t\t\t\t\t\t\t<\/div>\n\t\t\t\t<div class=\"elementor-element elementor-element-6952372 elementor-widget elementor-widget-text-editor\" data-id=\"6952372\" data-element_type=\"widget\" data-e-type=\"widget\" data-widget_type=\"text-editor.default\">\n\t\t\t\t\t\t\t\t\t<header class=\"product-header ng-tns-c2480225941-12 ng-star-inserted\"><div class=\"product-information ng-tns-c2480225941-12 ng-star-inserted\"><div class=\"product-description ng-star-inserted\"><strong>30 min<\/strong> d&#8217;acci\u00f3 hiperreal d&#8217;\u00faltima generaci\u00f3 amb trets i adrenalina + <strong>40 min<\/strong> d&#8217;aventura escape room on col\u00b7laborar en equip i resoldre enigmes.<\/div><\/div><\/header><div class=\"product-ordering-notices ng-star-inserted\"> <\/div><section class=\"details-when-attending details-when-attending--price-rules ng-star-inserted\"><section id=\"when-attending-title-row-details\" class=\"when-attending-title-row\"><\/section><\/section>\t\t\t\t\t\t\t\t<\/div>\n\t\t\t\t<div class=\"elementor-element elementor-element-8429076 elementor-align-justify elementor-widget elementor-widget-button\" data-id=\"8429076\" data-element_type=\"widget\" data-e-type=\"widget\" data-widget_type=\"button.default\">\n\t\t\t\t\t\t\t\t\t\t<a class=\"elementor-button elementor-button-link elementor-size-md\" href=\"https:\/\/ecom.roller.app\/zerolatencymallorca\/reservas\/es\/product\/1174301\" target=\"_blank\" rel=\"noopener noreferrer nofollow\">\n\t\t\t\t\t\t<span class=\"elementor-button-content-wrapper\">\n\t\t\t\t\t\t\t\t\t<span class=\"elementor-button-text\">RESERVAR<\/span>\n\t\t\t\t\t<\/span>\n\t\t\t\t\t<\/a>\n\t\t\t\t\t\t\t\t<\/div>\n\t\t\t\t<div class=\"elementor-element elementor-element-ddc1ff5 elementor-widget elementor-widget-heading\" data-id=\"ddc1ff5\" data-element_type=\"widget\" data-e-type=\"widget\" data-widget_type=\"heading.default\">\n\t\t\t\t\t<div class=\"elementor-heading-title elementor-size-default\">Consultar <a style=\"color: #42c0f0;font-weight: bold\" href=\"https:\/\/mallorcavr.es\/wp-content\/uploads\/2025\/12\/pack-cumpleanos-pumo-zero.webp\" target=\"a_blank\">MEN\u00da PUMO FOODTRUCK<\/a> \n<br>Tria el teu men\u00fa en reservar (fins a 48 h abans).  <\/div>\t\t\t\t<\/div>\n\t\t\t\t<\/div>\n\t\t<div class=\"elementor-element elementor-element-fcd4b63 e-con-full e-flex e-con e-child\" data-id=\"fcd4b63\" data-element_type=\"container\" data-e-type=\"container\" data-settings=\"{&quot;jet_parallax_layout_list&quot;:[]}\">\n\t\t\t\t<div class=\"elementor-element elementor-element-ae25406 elementor-widget elementor-widget-icon-box\" data-id=\"ae25406\" data-element_type=\"widget\" data-e-type=\"widget\" data-widget_type=\"icon-box.default\">\n\t\t\t\t\t\t\t<div class=\"elementor-icon-box-wrapper\">\n\n\t\t\t\n\t\t\t\t\t\t<div class=\"elementor-icon-box-content\">\n\n\t\t\t\t\t\t\t\t\t<div class=\"elementor-icon-box-title\">\n\t\t\t\t\t\t<span  >\n\t\t\t\t\t\t\tEsdeveniment Zero Latency\t\t\t\t\t\t<\/span>\n\t\t\t\t\t<\/div>\n\t\t\t\t\n\t\t\t\t\t\t\t\t\t<p class=\"elementor-icon-box-description\">\n\t\t\t\t\t\t(8-16 jugadors)\t\t\t\t\t<\/p>\n\t\t\t\t\n\t\t\t<\/div>\n\t\t\t\n\t\t<\/div>\n\t\t\t\t\t\t<\/div>\n\t\t\t\t<div class=\"elementor-element elementor-element-91becd8 elementor-widget elementor-widget-image\" data-id=\"91becd8\" data-element_type=\"widget\" data-e-type=\"widget\" data-widget_type=\"image.default\">\n\t\t\t\t\t\t\t\t\t\t\t\t\t\t\t<img decoding=\"async\" width=\"800\" height=\"450\" src=\"https:\/\/mallorcavr.es\/wp-content\/uploads\/2025\/11\/evento-zero-1024x576.webp\" class=\"attachment-large size-large wp-image-2879\" alt=\"\" srcset=\"https:\/\/mallorcavr.es\/wp-content\/uploads\/2025\/11\/evento-zero-1024x576.webp 1024w, https:\/\/mallorcavr.es\/wp-content\/uploads\/2025\/11\/evento-zero-300x169.webp 300w, https:\/\/mallorcavr.es\/wp-content\/uploads\/2025\/11\/evento-zero-768x432.webp 768w, https:\/\/mallorcavr.es\/wp-content\/uploads\/2025\/11\/evento-zero-1536x864.webp 1536w, https:\/\/mallorcavr.es\/wp-content\/uploads\/2025\/11\/evento-zero.webp 1920w\" sizes=\"(max-width: 800px) 100vw, 800px\" \/>\t\t\t\t\t\t\t\t\t\t\t\t\t\t\t<\/div>\n\t\t\t\t<div class=\"elementor-element elementor-element-2cc6ba1 elementor-widget elementor-widget-text-editor\" data-id=\"2cc6ba1\" data-element_type=\"widget\" data-e-type=\"widget\" data-widget_type=\"text-editor.default\">\n\t\t\t\t\t\t\t\t\t<header class=\"product-header ng-tns-c2480225941-12 ng-star-inserted\"><div class=\"product-information ng-tns-c2480225941-12 ng-star-inserted\"><div class=\"product-description ng-star-inserted\"><strong>45 minuts<\/strong> d&#8217;acci\u00f3 hiperreal d&#8217;\u00faltima generaci\u00f3 plens d&#8217;intensitat, trets, adrenalina i diversi\u00f3.<\/div><div> <\/div><\/div><\/header><div class=\"product-ordering-notices ng-star-inserted\"> <\/div><section class=\"details-when-attending details-when-attending--price-rules ng-star-inserted\"><section id=\"when-attending-title-row-details\" class=\"when-attending-title-row\"><\/section><\/section>\t\t\t\t\t\t\t\t<\/div>\n\t\t\t\t<div class=\"elementor-element elementor-element-64c38ac elementor-align-justify elementor-widget elementor-widget-button\" data-id=\"64c38ac\" data-element_type=\"widget\" data-e-type=\"widget\" data-widget_type=\"button.default\">\n\t\t\t\t\t\t\t\t\t\t<a class=\"elementor-button elementor-button-link elementor-size-md\" href=\"https:\/\/ecom.roller.app\/zerolatencymallorca\/reservas\/es\/product\/1161040\" target=\"_blank\" rel=\"noopener noreferrer nofollow\">\n\t\t\t\t\t\t<span class=\"elementor-button-content-wrapper\">\n\t\t\t\t\t\t\t\t\t<span class=\"elementor-button-text\">RESERVAR<\/span>\n\t\t\t\t\t<\/span>\n\t\t\t\t\t<\/a>\n\t\t\t\t\t\t\t\t<\/div>\n\t\t\t\t<div class=\"elementor-element elementor-element-e6a0813 elementor-widget elementor-widget-heading\" data-id=\"e6a0813\" data-element_type=\"widget\" data-e-type=\"widget\" data-widget_type=\"heading.default\">\n\t\t\t\t\t<div class=\"elementor-heading-title elementor-size-default\">Consultar <a style=\"color: #42c0f0;font-weight: bold\" href=\"https:\/\/mallorcavr.es\/wp-content\/uploads\/2025\/12\/pack-cumpleanos-pumo-zero.webp\" target=\"a_blank\">MEN\u00da PUMO FOODTRUCK<\/a> \n<br>Tria el teu men\u00fa en reservar (fins a 48 h abans).  <\/div>\t\t\t\t<\/div>\n\t\t\t\t<\/div>\n\t\t<div class=\"elementor-element elementor-element-5dae54a e-con-full e-flex e-con e-child\" data-id=\"5dae54a\" data-element_type=\"container\" data-e-type=\"container\" data-settings=\"{&quot;jet_parallax_layout_list&quot;:[]}\">\n\t\t\t\t<div class=\"elementor-element elementor-element-eac5bdb elementor-widget elementor-widget-icon-box\" data-id=\"eac5bdb\" data-element_type=\"widget\" data-e-type=\"widget\" data-widget_type=\"icon-box.default\">\n\t\t\t\t\t\t\t<div class=\"elementor-icon-box-wrapper\">\n\n\t\t\t\n\t\t\t\t\t\t<div class=\"elementor-icon-box-content\">\n\n\t\t\t\t\t\t\t\t\t<div class=\"elementor-icon-box-title\">\n\t\t\t\t\t\t<span  >\n\t\t\t\t\t\t\tEsdeveniment Escape + Minijocs\t\t\t\t\t\t<\/span>\n\t\t\t\t\t<\/div>\n\t\t\t\t\n\t\t\t\t\t\t\t\t\t<p class=\"elementor-icon-box-description\">\n\t\t\t\t\t\t(4-8 jugadors)\t\t\t\t\t<\/p>\n\t\t\t\t\n\t\t\t<\/div>\n\t\t\t\n\t\t<\/div>\n\t\t\t\t\t\t<\/div>\n\t\t\t\t<div class=\"elementor-element elementor-element-adc40a3 elementor-widget elementor-widget-image\" data-id=\"adc40a3\" data-element_type=\"widget\" data-e-type=\"widget\" data-widget_type=\"image.default\">\n\t\t\t\t\t\t\t\t\t\t\t\t\t\t\t<img decoding=\"async\" width=\"800\" height=\"450\" src=\"https:\/\/mallorcavr.es\/wp-content\/uploads\/2025\/11\/evento-zero-escape-1024x576.webp\" class=\"attachment-large size-large wp-image-2883\" alt=\"\" srcset=\"https:\/\/mallorcavr.es\/wp-content\/uploads\/2025\/11\/evento-zero-escape-1024x576.webp 1024w, https:\/\/mallorcavr.es\/wp-content\/uploads\/2025\/11\/evento-zero-escape-300x169.webp 300w, https:\/\/mallorcavr.es\/wp-content\/uploads\/2025\/11\/evento-zero-escape-768x432.webp 768w, https:\/\/mallorcavr.es\/wp-content\/uploads\/2025\/11\/evento-zero-escape-1536x864.webp 1536w, https:\/\/mallorcavr.es\/wp-content\/uploads\/2025\/11\/evento-zero-escape.webp 1920w\" sizes=\"(max-width: 800px) 100vw, 800px\" \/>\t\t\t\t\t\t\t\t\t\t\t\t\t\t\t<\/div>\n\t\t\t\t<div class=\"elementor-element elementor-element-6f05e25 elementor-widget elementor-widget-text-editor\" data-id=\"6f05e25\" data-element_type=\"widget\" data-e-type=\"widget\" data-widget_type=\"text-editor.default\">\n\t\t\t\t\t\t\t\t\t<header class=\"product-header ng-tns-c2480225941-12 ng-star-inserted\"><div class=\"product-information ng-tns-c2480225941-12 ng-star-inserted\"><div class=\"product-description ng-star-inserted\"><strong>40 minuts<\/strong> d&#8217;aventura escape room on col\u00b7laborar en equip i resoldre enigmes + <strong>30 minuts<\/strong> de jocs curts perfectes per a una estona de rialles.<\/div><div> <\/div><\/div><\/header><div class=\"product-ordering-notices ng-star-inserted\"> <\/div><section class=\"details-when-attending details-when-attending--price-rules ng-star-inserted\"><section id=\"when-attending-title-row-details\" class=\"when-attending-title-row\"><\/section><\/section>\t\t\t\t\t\t\t\t<\/div>\n\t\t\t\t<div class=\"elementor-element elementor-element-c9eefc1 elementor-align-justify elementor-widget elementor-widget-button\" data-id=\"c9eefc1\" data-element_type=\"widget\" data-e-type=\"widget\" data-widget_type=\"button.default\">\n\t\t\t\t\t\t\t\t\t\t<a class=\"elementor-button elementor-button-link elementor-size-md\" href=\"https:\/\/ecom.roller.app\/zerolatencymallorca\/reservas\/es\/product\/1172045\" target=\"_blank\" rel=\"noopener noreferrer nofollow\">\n\t\t\t\t\t\t<span class=\"elementor-button-content-wrapper\">\n\t\t\t\t\t\t\t\t\t<span class=\"elementor-button-text\">RESERVAR<\/span>\n\t\t\t\t\t<\/span>\n\t\t\t\t\t<\/a>\n\t\t\t\t\t\t\t\t<\/div>\n\t\t\t\t<div class=\"elementor-element elementor-element-fe3e63f elementor-widget elementor-widget-heading\" data-id=\"fe3e63f\" data-element_type=\"widget\" data-e-type=\"widget\" data-widget_type=\"heading.default\">\n\t\t\t\t\t<div class=\"elementor-heading-title elementor-size-default\">Consultar <a style=\"color: #42c0f0;font-weight: bold\" href=\"https:\/\/mallorcavr.es\/wp-content\/uploads\/2025\/12\/pack-cumpleanos-pumo-zero.webp\" target=\"a_blank\">MEN\u00da PUMO FOODTRUCK<\/a> \n<br>Tria el teu men\u00fa en reservar (fins a 48 h abans).  <\/div>\t\t\t\t<\/div>\n\t\t\t\t<\/div>\n\t\t\t\t\t<\/div>\n\t\t\t\t<\/div>\n\t\t<div class=\"elementor-element elementor-element-6167558 e-flex e-con-boxed e-con e-parent\" data-id=\"6167558\" data-element_type=\"container\" data-e-type=\"container\" data-settings=\"{&quot;background_background&quot;:&quot;classic&quot;,&quot;jet_parallax_layout_list&quot;:[]}\">\n\t\t\t\t\t<div class=\"e-con-inner\">\n\t\t\t\t<div class=\"elementor-element elementor-element-e25b709 elementor-hidden-desktop elementor-hidden-tablet elementor-widget elementor-widget-image\" data-id=\"e25b709\" data-element_type=\"widget\" data-e-type=\"widget\" data-widget_type=\"image.default\">\n\t\t\t\t\t\t\t\t\t\t\t\t\t\t\t<img loading=\"lazy\" decoding=\"async\" width=\"576\" height=\"1024\" src=\"https:\/\/mallorcavr.es\/wp-content\/uploads\/2025\/12\/horas-movil-zero-576x1024.webp\" class=\"attachment-large size-large wp-image-3518\" alt=\"\" srcset=\"https:\/\/mallorcavr.es\/wp-content\/uploads\/2025\/12\/horas-movil-zero-576x1024.webp 576w, https:\/\/mallorcavr.es\/wp-content\/uploads\/2025\/12\/horas-movil-zero-169x300.webp 169w, https:\/\/mallorcavr.es\/wp-content\/uploads\/2025\/12\/horas-movil-zero-768x1365.webp 768w, https:\/\/mallorcavr.es\/wp-content\/uploads\/2025\/12\/horas-movil-zero-864x1536.webp 864w, https:\/\/mallorcavr.es\/wp-content\/uploads\/2025\/12\/horas-movil-zero.webp 1080w\" sizes=\"(max-width: 576px) 100vw, 576px\" \/>\t\t\t\t\t\t\t\t\t\t\t\t\t\t\t<\/div>\n\t\t\t\t<div class=\"elementor-element elementor-element-5e1183b elementor-hidden-mobile elementor-widget elementor-widget-image\" data-id=\"5e1183b\" data-element_type=\"widget\" data-e-type=\"widget\" data-widget_type=\"image.default\">\n\t\t\t\t\t\t\t\t\t\t\t\t\t\t\t<img loading=\"lazy\" decoding=\"async\" width=\"800\" height=\"450\" src=\"https:\/\/mallorcavr.es\/wp-content\/uploads\/2025\/12\/horas-zero-1024x576.webp\" class=\"attachment-large size-large wp-image-3513\" alt=\"\" srcset=\"https:\/\/mallorcavr.es\/wp-content\/uploads\/2025\/12\/horas-zero-1024x576.webp 1024w, https:\/\/mallorcavr.es\/wp-content\/uploads\/2025\/12\/horas-zero-300x169.webp 300w, https:\/\/mallorcavr.es\/wp-content\/uploads\/2025\/12\/horas-zero-768x432.webp 768w, https:\/\/mallorcavr.es\/wp-content\/uploads\/2025\/12\/horas-zero-1536x864.webp 1536w, https:\/\/mallorcavr.es\/wp-content\/uploads\/2025\/12\/horas-zero.webp 1920w\" sizes=\"(max-width: 800px) 100vw, 800px\" \/>\t\t\t\t\t\t\t\t\t\t\t\t\t\t\t<\/div>\n\t\t\t\t\t<\/div>\n\t\t\t\t<\/div>\n\t\t<div class=\"elementor-element elementor-element-3c2803a e-flex e-con-boxed e-con e-parent\" data-id=\"3c2803a\" data-element_type=\"container\" data-e-type=\"container\" data-settings=\"{&quot;background_background&quot;:&quot;classic&quot;,&quot;jet_parallax_layout_list&quot;:[]}\">\n\t\t\t\t\t<div class=\"e-con-inner\">\n\t\t<div class=\"elementor-element elementor-element-80cab8e e-con-full e-flex e-con e-child\" data-id=\"80cab8e\" data-element_type=\"container\" data-e-type=\"container\" data-settings=\"{&quot;jet_parallax_layout_list&quot;:[]}\">\n\t\t<div class=\"elementor-element elementor-element-79dd5f8 e-con-full e-flex e-con e-child\" data-id=\"79dd5f8\" data-element_type=\"container\" data-e-type=\"container\" data-settings=\"{&quot;jet_parallax_layout_list&quot;:[]}\">\n\t\t<div class=\"elementor-element elementor-element-48fa976 e-con-full e-flex e-con e-child\" data-id=\"48fa976\" data-element_type=\"container\" data-e-type=\"container\" data-settings=\"{&quot;jet_parallax_layout_list&quot;:[]}\">\n\t\t\t\t<div class=\"elementor-element elementor-element-8f901b6 elementor-widget elementor-widget-text-editor\" data-id=\"8f901b6\" data-element_type=\"widget\" data-e-type=\"widget\" data-widget_type=\"text-editor.default\">\n\t\t\t\t\t\t\t\t\t<p>El team building \u00e9s crucial per a l&#8217;\u00e8xit de qualsevol empresa. A VR Mallorca, hem dissenyat experi\u00e8ncies de realitat virtual perfectes per fomentar la col\u00b7laboraci\u00f3, la comunicaci\u00f3 i el lideratge de manera innovadora i molt divertida. <\/p><h3><b>Per a qui est\u00e0 pensat?<\/b><\/h3><p>\u2022 Equips esportius que volen enfortir la uni\u00f3 fora del camp.<br>\u2022 Grups d&#8217;amics que busquen una experi\u00e8ncia diferent.<br>\u2022 Associacions i col\u00b7lectius que volen compartir un moment divertit i innovador.<br><b><br>Sol\u00b7licita un pressupost personalitzat per al teu grup o equip!<\/b><\/p><p>Posa&#8217;t en contacte amb nosaltres i explica&#8217;ns les necessitats del teu grup. T&#8217;ajudarem a dissenyar un esdeveniment a Mallorca amb diversi\u00f3 garantida. <\/p>\t\t\t\t\t\t\t\t<\/div>\n\t\t<div class=\"elementor-element elementor-element-fc69140 e-grid e-con-full e-con e-child\" data-id=\"fc69140\" data-element_type=\"container\" data-e-type=\"container\" data-settings=\"{&quot;jet_parallax_layout_list&quot;:[]}\">\n\t\t\t\t<div class=\"elementor-element elementor-element-d7ab6bf elementor-align-center elementor-widget__width-inherit elementor-widget elementor-widget-button\" data-id=\"d7ab6bf\" data-element_type=\"widget\" data-e-type=\"widget\" data-widget_type=\"button.default\">\n\t\t\t\t\t\t\t\t\t\t<a class=\"elementor-button elementor-button-link elementor-size-md\" href=\"https:\/\/ecom.roller.app\/zerolatencymallorca\/reservas\/es\/products\" target=\"_blank\" rel=\"noopener noreferrer nofollow\">\n\t\t\t\t\t\t<span class=\"elementor-button-content-wrapper\">\n\t\t\t\t\t\t\t\t\t<span class=\"elementor-button-text\">RESERVA EL TEU ESDEVENIMENT ARA<\/span>\n\t\t\t\t\t<\/span>\n\t\t\t\t\t<\/a>\n\t\t\t\t\t\t\t\t<\/div>\n\t\t\t\t<div class=\"elementor-element elementor-element-8c8b4fb elementor-align-center elementor-widget__width-inherit elementor-widget elementor-widget-button\" data-id=\"8c8b4fb\" data-element_type=\"widget\" data-e-type=\"widget\" data-widget_type=\"button.default\">\n\t\t\t\t\t\t\t\t\t\t<a class=\"elementor-button elementor-button-link elementor-size-md\" href=\"#elementor-action%3Aaction%3Dpopup%3Aopen%26settings%3DeyJpZCI6MjEyMiwidG9nZ2xlIjpmYWxzZX0%3D\">\n\t\t\t\t\t\t<span class=\"elementor-button-content-wrapper\">\n\t\t\t\t\t\t\t\t\t<span class=\"elementor-button-text\">SOL\u00b7LICITAR INFORMACI\u00d3<\/span>\n\t\t\t\t\t<\/span>\n\t\t\t\t\t<\/a>\n\t\t\t\t\t\t\t\t<\/div>\n\t\t\t\t<\/div>\n\t\t\t\t<\/div>\n\t\t\t\t<\/div>\n\t\t\t\t<\/div>\n\t\t\t\t\t<\/div>\n\t\t\t\t<\/div>\n\t\t\t\t<\/div>\n\t\t","protected":false},"excerpt":{"rendered":"<p>Busques una activitat diferent per gaudir amb el teu grup d&#8217;amics, equip esportiu o associaci\u00f3? A Mallorca VR us oferim una experi\u00e8ncia immersiva \u00fanica on la diversi\u00f3 i l&#8217;esperit d&#8217;equip estan assegurats. Esdeveniment ZL + Minijocs (8-24 jugadors) 30 minuts d&#8217;acci\u00f3 hiperreal d&#8217;\u00faltima generaci\u00f3 amb trets i adrenalina + 30 minuts de jocs curts perfectes [&hellip;]<\/p>\n","protected":false},"author":1,"featured_media":0,"parent":996,"menu_order":0,"comment_status":"closed","ping_status":"closed","template":"","meta":{"footnotes":""},"class_list":["post-2527","page","type-page","status-publish","hentry"],"_links":{"self":[{"href":"https:\/\/mallorcavr.es\/ca\/wp-json\/wp\/v2\/pages\/2527","targetHints":{"allow":["GET"]}}],"collection":[{"href":"https:\/\/mallorcavr.es\/ca\/wp-json\/wp\/v2\/pages"}],"about":[{"href":"https:\/\/mallorcavr.es\/ca\/wp-json\/wp\/v2\/types\/page"}],"author":[{"embeddable":true,"href":"https:\/\/mallorcavr.es\/ca\/wp-json\/wp\/v2\/users\/1"}],"replies":[{"embeddable":true,"href":"https:\/\/mallorcavr.es\/ca\/wp-json\/wp\/v2\/comments?post=2527"}],"version-history":[{"count":9,"href":"https:\/\/mallorcavr.es\/ca\/wp-json\/wp\/v2\/pages\/2527\/revisions"}],"predecessor-version":[{"id":3768,"href":"https:\/\/mallorcavr.es\/ca\/wp-json\/wp\/v2\/pages\/2527\/revisions\/3768"}],"up":[{"embeddable":true,"href":"https:\/\/mallorcavr.es\/ca\/wp-json\/wp\/v2\/pages\/996"}],"wp:attachment":[{"href":"https:\/\/mallorcavr.es\/ca\/wp-json\/wp\/v2\/media?parent=2527"}],"curies":[{"name":"wp","href":"https:\/\/api.w.org\/{rel}","templated":true}]}}