{"id":1714,"date":"2025-08-22T12:27:45","date_gmt":"2025-08-22T10:27:45","guid":{"rendered":"https:\/\/mallorcavr.es\/esdeveniments\/pack-esdeveniments\/comiats-de-solter\/"},"modified":"2026-02-11T13:18:01","modified_gmt":"2026-02-11T12:18:01","slug":"comiats-de-solter","status":"publish","type":"page","link":"https:\/\/mallorcavr.es\/ca\/esdeveniments\/pack-esdeveniments\/comiats-de-solter\/","title":{"rendered":"Comiats de Solter"},"content":{"rendered":"\t\t<div data-elementor-type=\"wp-page\" data-elementor-id=\"1714\" class=\"elementor elementor-1714 elementor-1702\" data-elementor-post-type=\"page\">\n\t\t\t\t<div class=\"elementor-element elementor-element-8235328 e-flex e-con-boxed e-con e-parent\" data-id=\"8235328\" data-element_type=\"container\" data-e-type=\"container\" data-settings=\"{&quot;background_background&quot;:&quot;classic&quot;,&quot;jet_parallax_layout_list&quot;:[]}\">\n\t\t\t\t\t<div class=\"e-con-inner\">\n\t\t\t\t<div class=\"elementor-element elementor-element-e10ae37 elementor-invisible elementor-widget elementor-widget-heading\" data-id=\"e10ae37\" data-element_type=\"widget\" data-e-type=\"widget\" data-settings=\"{&quot;_animation&quot;:&quot;fadeInUp&quot;}\" data-widget_type=\"heading.default\">\n\t\t\t\t\t<h1 class=\"elementor-heading-title elementor-size-default\">Comiats de Solter<\/h1>\t\t\t\t<\/div>\n\t\t\t\t<div class=\"elementor-element elementor-element-52b3169 elementor-invisible elementor-widget elementor-widget-heading\" data-id=\"52b3169\" data-element_type=\"widget\" data-e-type=\"widget\" data-settings=\"{&quot;_animation&quot;:&quot;fadeInUp&quot;,&quot;_animation_delay&quot;:200}\" data-widget_type=\"heading.default\">\n\t\t\t\t\t<h3 class=\"elementor-heading-title elementor-size-default\"><p><b>El Comiat de Solter Definitiu a Mallorca t'espera!<\/b><\/p><\/h3>\t\t\t\t<\/div>\n\t\t\t\t\t<\/div>\n\t\t\t\t<\/div>\n\t\t<div class=\"elementor-element elementor-element-377019e e-flex e-con-boxed e-con e-parent\" data-id=\"377019e\" data-element_type=\"container\" data-e-type=\"container\" data-settings=\"{&quot;jet_parallax_layout_list&quot;:[],&quot;background_background&quot;:&quot;classic&quot;}\">\n\t\t\t\t\t<div class=\"e-con-inner\">\n\t\t<div class=\"elementor-element elementor-element-6080eac e-con-full e-flex e-con e-child\" data-id=\"6080eac\" data-element_type=\"container\" data-e-type=\"container\" data-settings=\"{&quot;jet_parallax_layout_list&quot;:[]}\">\n\t\t\t\t<div class=\"elementor-element elementor-element-3c6dacd elementor-widget elementor-widget-icon-box\" data-id=\"3c6dacd\" data-element_type=\"widget\" data-e-type=\"widget\" data-widget_type=\"icon-box.default\">\n\t\t\t\t\t\t\t<div class=\"elementor-icon-box-wrapper\">\n\n\t\t\t\n\t\t\t\t\t\t<div class=\"elementor-icon-box-content\">\n\n\t\t\t\t\t\t\t\t\t<div class=\"elementor-icon-box-title\">\n\t\t\t\t\t\t<span  >\n\t\t\t\t\t\t\tEsdeveniment ZL + Minijocs  \t\t\t\t\t\t<\/span>\n\t\t\t\t\t<\/div>\n\t\t\t\t\n\t\t\t\t\t\t\t\t\t<p class=\"elementor-icon-box-description\">\n\t\t\t\t\t\t(8-24 jugadors)\t\t\t\t\t<\/p>\n\t\t\t\t\n\t\t\t<\/div>\n\t\t\t\n\t\t<\/div>\n\t\t\t\t\t\t<\/div>\n\t\t\t\t<div class=\"elementor-element elementor-element-388382c elementor-widget elementor-widget-image\" data-id=\"388382c\" data-element_type=\"widget\" data-e-type=\"widget\" data-widget_type=\"image.default\">\n\t\t\t\t\t\t\t\t\t\t\t\t\t\t\t<img fetchpriority=\"high\" decoding=\"async\" width=\"800\" height=\"450\" src=\"https:\/\/mallorcavr.es\/wp-content\/uploads\/2025\/11\/evento-zero-latency-1024x576.webp\" class=\"attachment-large size-large wp-image-2887\" alt=\"\" srcset=\"https:\/\/mallorcavr.es\/wp-content\/uploads\/2025\/11\/evento-zero-latency-1024x576.webp 1024w, https:\/\/mallorcavr.es\/wp-content\/uploads\/2025\/11\/evento-zero-latency-300x169.webp 300w, https:\/\/mallorcavr.es\/wp-content\/uploads\/2025\/11\/evento-zero-latency-768x432.webp 768w, https:\/\/mallorcavr.es\/wp-content\/uploads\/2025\/11\/evento-zero-latency-1536x864.webp 1536w, https:\/\/mallorcavr.es\/wp-content\/uploads\/2025\/11\/evento-zero-latency.webp 1920w\" sizes=\"(max-width: 800px) 100vw, 800px\" \/>\t\t\t\t\t\t\t\t\t\t\t\t\t\t\t<\/div>\n\t\t\t\t<div class=\"elementor-element elementor-element-98c5db3 elementor-widget elementor-widget-text-editor\" data-id=\"98c5db3\" data-element_type=\"widget\" data-e-type=\"widget\" data-widget_type=\"text-editor.default\">\n\t\t\t\t\t\t\t\t\t<header class=\"product-header ng-tns-c2480225941-12 ng-star-inserted\"><div class=\"product-information ng-tns-c2480225941-12 ng-star-inserted\"><div class=\"product-description ng-star-inserted\"><span id=\"product-details-short-product-description\" class=\"product-description__text ng-star-inserted\"><strong>30 minuts<\/strong> d&#8217;acci\u00f3 hiperreal d&#8217;\u00faltima generaci\u00f3 amb trets i adrenalina + <strong>30 minuts<\/strong> de jocs curts perfectes per a una estona de rialles.<\/span><\/div><\/div><\/header><div class=\"product-ordering-notices ng-star-inserted\"> <\/div><section class=\"details-when-attending details-when-attending--price-rules ng-star-inserted\"><section id=\"when-attending-title-row-details\" class=\"when-attending-title-row\"><\/section><\/section>\t\t\t\t\t\t\t\t<\/div>\n\t\t\t\t<div class=\"elementor-element elementor-element-a02a920 elementor-align-justify elementor-widget elementor-widget-button\" data-id=\"a02a920\" data-element_type=\"widget\" data-e-type=\"widget\" data-widget_type=\"button.default\">\n\t\t\t\t\t\t\t\t\t\t<a class=\"elementor-button elementor-button-link elementor-size-md\" href=\"https:\/\/ecom.roller.app\/zerolatencymallorca\/reservas\/es\/product\/1162222\" target=\"_blank\" rel=\"noopener noreferrer nofollow\">\n\t\t\t\t\t\t<span class=\"elementor-button-content-wrapper\">\n\t\t\t\t\t\t\t\t\t<span class=\"elementor-button-text\">RESERVAR<\/span>\n\t\t\t\t\t<\/span>\n\t\t\t\t\t<\/a>\n\t\t\t\t\t\t\t\t<\/div>\n\t\t\t\t<div class=\"elementor-element elementor-element-1b5c324 elementor-widget elementor-widget-heading\" data-id=\"1b5c324\" data-element_type=\"widget\" data-e-type=\"widget\" data-widget_type=\"heading.default\">\n\t\t\t\t\t<div class=\"elementor-heading-title elementor-size-default\">Consultar <a style=\"color: #42c0f0;font-weight: bold\" href=\"https:\/\/mallorcavr.es\/wp-content\/uploads\/2025\/12\/pack-cumpleanos-pumo-zero.webp\" target=\"a_blank\">MEN\u00da PUMO FOODTRUCK<\/a> \n<br>Tria el teu men\u00fa en reservar (fins a 48 h abans).  <\/div>\t\t\t\t<\/div>\n\t\t\t\t<\/div>\n\t\t<div class=\"elementor-element elementor-element-4a5df9e e-con-full e-flex e-con e-child\" data-id=\"4a5df9e\" data-element_type=\"container\" data-e-type=\"container\" data-settings=\"{&quot;jet_parallax_layout_list&quot;:[]}\">\n\t\t\t\t<div class=\"elementor-element elementor-element-224ff2e elementor-widget elementor-widget-icon-box\" data-id=\"224ff2e\" data-element_type=\"widget\" data-e-type=\"widget\" data-widget_type=\"icon-box.default\">\n\t\t\t\t\t\t\t<div class=\"elementor-icon-box-wrapper\">\n\n\t\t\t\n\t\t\t\t\t\t<div class=\"elementor-icon-box-content\">\n\n\t\t\t\t\t\t\t\t\t<div class=\"elementor-icon-box-title\">\n\t\t\t\t\t\t<span  >\n\t\t\t\t\t\t\tEsdeveniment ZL + Escape\t\t\t\t\t\t<\/span>\n\t\t\t\t\t<\/div>\n\t\t\t\t\n\t\t\t\t\t\t\t\t\t<p class=\"elementor-icon-box-description\">\n\t\t\t\t\t\t(8-16 jugadors)\t\t\t\t\t<\/p>\n\t\t\t\t\n\t\t\t<\/div>\n\t\t\t\n\t\t<\/div>\n\t\t\t\t\t\t<\/div>\n\t\t\t\t<div class=\"elementor-element elementor-element-88d755c elementor-widget elementor-widget-image\" data-id=\"88d755c\" data-element_type=\"widget\" data-e-type=\"widget\" data-widget_type=\"image.default\">\n\t\t\t\t\t\t\t\t\t\t\t\t\t\t\t<img decoding=\"async\" width=\"800\" height=\"450\" src=\"https:\/\/mallorcavr.es\/wp-content\/uploads\/2025\/11\/evento-zero-escape-1024x576.webp\" class=\"attachment-large size-large wp-image-2883\" alt=\"\" srcset=\"https:\/\/mallorcavr.es\/wp-content\/uploads\/2025\/11\/evento-zero-escape-1024x576.webp 1024w, https:\/\/mallorcavr.es\/wp-content\/uploads\/2025\/11\/evento-zero-escape-300x169.webp 300w, https:\/\/mallorcavr.es\/wp-content\/uploads\/2025\/11\/evento-zero-escape-768x432.webp 768w, https:\/\/mallorcavr.es\/wp-content\/uploads\/2025\/11\/evento-zero-escape-1536x864.webp 1536w, https:\/\/mallorcavr.es\/wp-content\/uploads\/2025\/11\/evento-zero-escape.webp 1920w\" sizes=\"(max-width: 800px) 100vw, 800px\" \/>\t\t\t\t\t\t\t\t\t\t\t\t\t\t\t<\/div>\n\t\t\t\t<div class=\"elementor-element elementor-element-73eef1b elementor-widget elementor-widget-text-editor\" data-id=\"73eef1b\" data-element_type=\"widget\" data-e-type=\"widget\" data-widget_type=\"text-editor.default\">\n\t\t\t\t\t\t\t\t\t<header class=\"product-header ng-tns-c2480225941-12 ng-star-inserted\"><div class=\"product-information ng-tns-c2480225941-12 ng-star-inserted\"><div class=\"product-description ng-star-inserted\"><strong>30 min<\/strong> d&#8217;acci\u00f3 hiperreal d&#8217;\u00faltima generaci\u00f3 amb trets i adrenalina + <strong>40 min<\/strong> d&#8217;aventura escape room on col\u00b7laborar en equip i resoldre enigmes.<\/div><\/div><\/header><div class=\"product-ordering-notices ng-star-inserted\"> <\/div><section class=\"details-when-attending details-when-attending--price-rules ng-star-inserted\"><section id=\"when-attending-title-row-details\" class=\"when-attending-title-row\"><\/section><\/section>\t\t\t\t\t\t\t\t<\/div>\n\t\t\t\t<div class=\"elementor-element elementor-element-e820522 elementor-align-justify elementor-widget elementor-widget-button\" data-id=\"e820522\" data-element_type=\"widget\" data-e-type=\"widget\" data-widget_type=\"button.default\">\n\t\t\t\t\t\t\t\t\t\t<a class=\"elementor-button elementor-button-link elementor-size-md\" href=\"https:\/\/ecom.roller.app\/zerolatencymallorca\/reservas\/es\/product\/1174301\" target=\"_blank\" rel=\"noopener noreferrer nofollow\">\n\t\t\t\t\t\t<span class=\"elementor-button-content-wrapper\">\n\t\t\t\t\t\t\t\t\t<span class=\"elementor-button-text\">RESERVAR<\/span>\n\t\t\t\t\t<\/span>\n\t\t\t\t\t<\/a>\n\t\t\t\t\t\t\t\t<\/div>\n\t\t\t\t<div class=\"elementor-element elementor-element-bdfd302 elementor-widget elementor-widget-heading\" data-id=\"bdfd302\" data-element_type=\"widget\" data-e-type=\"widget\" data-widget_type=\"heading.default\">\n\t\t\t\t\t<div class=\"elementor-heading-title elementor-size-default\">Consultar <a style=\"color: #42c0f0;font-weight: bold\" href=\"https:\/\/mallorcavr.es\/wp-content\/uploads\/2025\/12\/pack-cumpleanos-pumo-zero.webp\" target=\"a_blank\">MEN\u00da PUMO FOODTRUCK<\/a> \n<br>Tria el teu men\u00fa en reservar (fins a 48 h abans).  <\/div>\t\t\t\t<\/div>\n\t\t\t\t<\/div>\n\t\t<div class=\"elementor-element elementor-element-899d3fb e-con-full e-flex e-con e-child\" data-id=\"899d3fb\" data-element_type=\"container\" data-e-type=\"container\" data-settings=\"{&quot;jet_parallax_layout_list&quot;:[]}\">\n\t\t\t\t<div class=\"elementor-element elementor-element-8e6b537 elementor-widget elementor-widget-icon-box\" data-id=\"8e6b537\" data-element_type=\"widget\" data-e-type=\"widget\" data-widget_type=\"icon-box.default\">\n\t\t\t\t\t\t\t<div class=\"elementor-icon-box-wrapper\">\n\n\t\t\t\n\t\t\t\t\t\t<div class=\"elementor-icon-box-content\">\n\n\t\t\t\t\t\t\t\t\t<div class=\"elementor-icon-box-title\">\n\t\t\t\t\t\t<span  >\n\t\t\t\t\t\t\tEsdeveniment Zero Latency\t\t\t\t\t\t<\/span>\n\t\t\t\t\t<\/div>\n\t\t\t\t\n\t\t\t\t\t\t\t\t\t<p class=\"elementor-icon-box-description\">\n\t\t\t\t\t\t(8-16 jugadors)\t\t\t\t\t<\/p>\n\t\t\t\t\n\t\t\t<\/div>\n\t\t\t\n\t\t<\/div>\n\t\t\t\t\t\t<\/div>\n\t\t\t\t<div class=\"elementor-element elementor-element-fefa31f elementor-widget elementor-widget-image\" data-id=\"fefa31f\" data-element_type=\"widget\" data-e-type=\"widget\" data-widget_type=\"image.default\">\n\t\t\t\t\t\t\t\t\t\t\t\t\t\t\t<img decoding=\"async\" width=\"800\" height=\"450\" src=\"https:\/\/mallorcavr.es\/wp-content\/uploads\/2025\/11\/evento-zero-1024x576.webp\" class=\"attachment-large size-large wp-image-2879\" alt=\"\" srcset=\"https:\/\/mallorcavr.es\/wp-content\/uploads\/2025\/11\/evento-zero-1024x576.webp 1024w, https:\/\/mallorcavr.es\/wp-content\/uploads\/2025\/11\/evento-zero-300x169.webp 300w, https:\/\/mallorcavr.es\/wp-content\/uploads\/2025\/11\/evento-zero-768x432.webp 768w, https:\/\/mallorcavr.es\/wp-content\/uploads\/2025\/11\/evento-zero-1536x864.webp 1536w, https:\/\/mallorcavr.es\/wp-content\/uploads\/2025\/11\/evento-zero.webp 1920w\" sizes=\"(max-width: 800px) 100vw, 800px\" \/>\t\t\t\t\t\t\t\t\t\t\t\t\t\t\t<\/div>\n\t\t\t\t<div class=\"elementor-element elementor-element-0ed936f elementor-widget elementor-widget-text-editor\" data-id=\"0ed936f\" data-element_type=\"widget\" data-e-type=\"widget\" data-widget_type=\"text-editor.default\">\n\t\t\t\t\t\t\t\t\t<header class=\"product-header ng-tns-c2480225941-12 ng-star-inserted\"><div class=\"product-information ng-tns-c2480225941-12 ng-star-inserted\"><div class=\"product-description ng-star-inserted\"><strong>45 minuts<\/strong> d&#8217;acci\u00f3 hiperreal d&#8217;\u00faltima generaci\u00f3 plens d&#8217;intensitat, trets, adrenalina i diversi\u00f3.<\/div><div> <\/div><\/div><\/header><div class=\"product-ordering-notices ng-star-inserted\"> <\/div><section class=\"details-when-attending details-when-attending--price-rules ng-star-inserted\"><section id=\"when-attending-title-row-details\" class=\"when-attending-title-row\"><\/section><\/section>\t\t\t\t\t\t\t\t<\/div>\n\t\t\t\t<div class=\"elementor-element elementor-element-f7b7ac0 elementor-align-justify elementor-widget elementor-widget-button\" data-id=\"f7b7ac0\" data-element_type=\"widget\" data-e-type=\"widget\" data-widget_type=\"button.default\">\n\t\t\t\t\t\t\t\t\t\t<a class=\"elementor-button elementor-button-link elementor-size-md\" href=\"https:\/\/ecom.roller.app\/zerolatencymallorca\/reservas\/es\/product\/1161040\" target=\"_blank\" rel=\"noopener noreferrer nofollow\">\n\t\t\t\t\t\t<span class=\"elementor-button-content-wrapper\">\n\t\t\t\t\t\t\t\t\t<span class=\"elementor-button-text\">RESERVAR<\/span>\n\t\t\t\t\t<\/span>\n\t\t\t\t\t<\/a>\n\t\t\t\t\t\t\t\t<\/div>\n\t\t\t\t<div class=\"elementor-element elementor-element-72aa55f elementor-widget elementor-widget-heading\" data-id=\"72aa55f\" data-element_type=\"widget\" data-e-type=\"widget\" data-widget_type=\"heading.default\">\n\t\t\t\t\t<div class=\"elementor-heading-title elementor-size-default\">Consultar <a style=\"color: #42c0f0;font-weight: bold\" href=\"https:\/\/mallorcavr.es\/wp-content\/uploads\/2025\/12\/pack-cumpleanos-pumo-zero.webp\" target=\"a_blank\">MEN\u00da PUMO FOODTRUCK<\/a> \n<br>Tria el teu men\u00fa en reservar (fins a 48 h abans).  <\/div>\t\t\t\t<\/div>\n\t\t\t\t<\/div>\n\t\t<div class=\"elementor-element elementor-element-ffba954 e-con-full e-flex e-con e-child\" data-id=\"ffba954\" data-element_type=\"container\" data-e-type=\"container\" data-settings=\"{&quot;jet_parallax_layout_list&quot;:[]}\">\n\t\t\t\t<div class=\"elementor-element elementor-element-16c0664 elementor-widget elementor-widget-icon-box\" data-id=\"16c0664\" data-element_type=\"widget\" data-e-type=\"widget\" data-widget_type=\"icon-box.default\">\n\t\t\t\t\t\t\t<div class=\"elementor-icon-box-wrapper\">\n\n\t\t\t\n\t\t\t\t\t\t<div class=\"elementor-icon-box-content\">\n\n\t\t\t\t\t\t\t\t\t<div class=\"elementor-icon-box-title\">\n\t\t\t\t\t\t<span  >\n\t\t\t\t\t\t\tEsdeveniment Escape + Minijocs\t\t\t\t\t\t<\/span>\n\t\t\t\t\t<\/div>\n\t\t\t\t\n\t\t\t\t\t\t\t\t\t<p class=\"elementor-icon-box-description\">\n\t\t\t\t\t\t(4-8 jugadors)\t\t\t\t\t<\/p>\n\t\t\t\t\n\t\t\t<\/div>\n\t\t\t\n\t\t<\/div>\n\t\t\t\t\t\t<\/div>\n\t\t\t\t<div class=\"elementor-element elementor-element-93bbcb8 elementor-widget elementor-widget-image\" data-id=\"93bbcb8\" data-element_type=\"widget\" data-e-type=\"widget\" data-widget_type=\"image.default\">\n\t\t\t\t\t\t\t\t\t\t\t\t\t\t\t<img decoding=\"async\" width=\"800\" height=\"450\" src=\"https:\/\/mallorcavr.es\/wp-content\/uploads\/2025\/11\/evento-zero-escape-1024x576.webp\" class=\"attachment-large size-large wp-image-2883\" alt=\"\" srcset=\"https:\/\/mallorcavr.es\/wp-content\/uploads\/2025\/11\/evento-zero-escape-1024x576.webp 1024w, https:\/\/mallorcavr.es\/wp-content\/uploads\/2025\/11\/evento-zero-escape-300x169.webp 300w, https:\/\/mallorcavr.es\/wp-content\/uploads\/2025\/11\/evento-zero-escape-768x432.webp 768w, https:\/\/mallorcavr.es\/wp-content\/uploads\/2025\/11\/evento-zero-escape-1536x864.webp 1536w, https:\/\/mallorcavr.es\/wp-content\/uploads\/2025\/11\/evento-zero-escape.webp 1920w\" sizes=\"(max-width: 800px) 100vw, 800px\" \/>\t\t\t\t\t\t\t\t\t\t\t\t\t\t\t<\/div>\n\t\t\t\t<div class=\"elementor-element elementor-element-f97fbef elementor-widget elementor-widget-text-editor\" data-id=\"f97fbef\" data-element_type=\"widget\" data-e-type=\"widget\" data-widget_type=\"text-editor.default\">\n\t\t\t\t\t\t\t\t\t<header class=\"product-header ng-tns-c2480225941-12 ng-star-inserted\"><div class=\"product-information ng-tns-c2480225941-12 ng-star-inserted\"><div class=\"product-description ng-star-inserted\"><strong>40 minuts<\/strong> d&#8217;aventura escape room on col\u00b7laborar en equip i resoldre enigmes + <strong>30 minuts<\/strong> de jocs curts perfectes per a una estona de rialles.<\/div><div> <\/div><\/div><\/header><div class=\"product-ordering-notices ng-star-inserted\"> <\/div><section class=\"details-when-attending details-when-attending--price-rules ng-star-inserted\"><section id=\"when-attending-title-row-details\" class=\"when-attending-title-row\"><\/section><\/section>\t\t\t\t\t\t\t\t<\/div>\n\t\t\t\t<div class=\"elementor-element elementor-element-300bbab elementor-align-justify elementor-widget elementor-widget-button\" data-id=\"300bbab\" data-element_type=\"widget\" data-e-type=\"widget\" data-widget_type=\"button.default\">\n\t\t\t\t\t\t\t\t\t\t<a class=\"elementor-button elementor-button-link elementor-size-md\" href=\"https:\/\/ecom.roller.app\/zerolatencymallorca\/reservas\/es\/product\/1172045\" target=\"_blank\" rel=\"noopener noreferrer nofollow\">\n\t\t\t\t\t\t<span class=\"elementor-button-content-wrapper\">\n\t\t\t\t\t\t\t\t\t<span class=\"elementor-button-text\">RESERVAR<\/span>\n\t\t\t\t\t<\/span>\n\t\t\t\t\t<\/a>\n\t\t\t\t\t\t\t\t<\/div>\n\t\t\t\t<div class=\"elementor-element elementor-element-555ca38 elementor-widget elementor-widget-heading\" data-id=\"555ca38\" data-element_type=\"widget\" data-e-type=\"widget\" data-widget_type=\"heading.default\">\n\t\t\t\t\t<div class=\"elementor-heading-title elementor-size-default\">Consultar <a style=\"color: #42c0f0;font-weight: bold\" href=\"https:\/\/mallorcavr.es\/wp-content\/uploads\/2025\/12\/pack-cumpleanos-pumo-zero.webp\" target=\"a_blank\">MEN\u00da PUMO FOODTRUCK<\/a> \n<br>Tria el teu men\u00fa en reservar (fins a 48 h abans).  <\/div>\t\t\t\t<\/div>\n\t\t\t\t<\/div>\n\t\t\t\t\t<\/div>\n\t\t\t\t<\/div>\n\t\t<div class=\"elementor-element elementor-element-dca06d9 e-flex e-con-boxed e-con e-parent\" data-id=\"dca06d9\" data-element_type=\"container\" data-e-type=\"container\" data-settings=\"{&quot;background_background&quot;:&quot;classic&quot;,&quot;jet_parallax_layout_list&quot;:[]}\">\n\t\t\t\t\t<div class=\"e-con-inner\">\n\t\t\t\t<div class=\"elementor-element elementor-element-ba4fdc4 elementor-hidden-desktop elementor-hidden-tablet elementor-widget elementor-widget-image\" data-id=\"ba4fdc4\" data-element_type=\"widget\" data-e-type=\"widget\" data-widget_type=\"image.default\">\n\t\t\t\t\t\t\t\t\t\t\t\t\t\t\t<img loading=\"lazy\" decoding=\"async\" width=\"576\" height=\"1024\" src=\"https:\/\/mallorcavr.es\/wp-content\/uploads\/2025\/12\/horas-movil-zero-576x1024.webp\" class=\"attachment-large size-large wp-image-3518\" alt=\"\" srcset=\"https:\/\/mallorcavr.es\/wp-content\/uploads\/2025\/12\/horas-movil-zero-576x1024.webp 576w, https:\/\/mallorcavr.es\/wp-content\/uploads\/2025\/12\/horas-movil-zero-169x300.webp 169w, https:\/\/mallorcavr.es\/wp-content\/uploads\/2025\/12\/horas-movil-zero-768x1365.webp 768w, https:\/\/mallorcavr.es\/wp-content\/uploads\/2025\/12\/horas-movil-zero-864x1536.webp 864w, https:\/\/mallorcavr.es\/wp-content\/uploads\/2025\/12\/horas-movil-zero.webp 1080w\" sizes=\"(max-width: 576px) 100vw, 576px\" \/>\t\t\t\t\t\t\t\t\t\t\t\t\t\t\t<\/div>\n\t\t\t\t<div class=\"elementor-element elementor-element-0bbd56d elementor-hidden-mobile elementor-widget elementor-widget-image\" data-id=\"0bbd56d\" data-element_type=\"widget\" data-e-type=\"widget\" data-widget_type=\"image.default\">\n\t\t\t\t\t\t\t\t\t\t\t\t\t\t\t<img loading=\"lazy\" decoding=\"async\" width=\"800\" height=\"450\" src=\"https:\/\/mallorcavr.es\/wp-content\/uploads\/2025\/12\/horas-zero-1024x576.webp\" class=\"attachment-large size-large wp-image-3513\" alt=\"\" srcset=\"https:\/\/mallorcavr.es\/wp-content\/uploads\/2025\/12\/horas-zero-1024x576.webp 1024w, https:\/\/mallorcavr.es\/wp-content\/uploads\/2025\/12\/horas-zero-300x169.webp 300w, https:\/\/mallorcavr.es\/wp-content\/uploads\/2025\/12\/horas-zero-768x432.webp 768w, https:\/\/mallorcavr.es\/wp-content\/uploads\/2025\/12\/horas-zero-1536x864.webp 1536w, https:\/\/mallorcavr.es\/wp-content\/uploads\/2025\/12\/horas-zero.webp 1920w\" sizes=\"(max-width: 800px) 100vw, 800px\" \/>\t\t\t\t\t\t\t\t\t\t\t\t\t\t\t<\/div>\n\t\t\t\t\t<\/div>\n\t\t\t\t<\/div>\n\t\t<div class=\"elementor-element elementor-element-3c2803a e-flex e-con-boxed e-con e-parent\" data-id=\"3c2803a\" data-element_type=\"container\" data-e-type=\"container\" data-settings=\"{&quot;background_background&quot;:&quot;classic&quot;,&quot;jet_parallax_layout_list&quot;:[]}\">\n\t\t\t\t\t<div class=\"e-con-inner\">\n\t\t<div class=\"elementor-element elementor-element-80cab8e e-con-full e-flex e-con e-child\" data-id=\"80cab8e\" data-element_type=\"container\" data-e-type=\"container\" data-settings=\"{&quot;jet_parallax_layout_list&quot;:[]}\">\n\t\t<div class=\"elementor-element elementor-element-79dd5f8 e-con-full e-flex e-con e-child\" data-id=\"79dd5f8\" data-element_type=\"container\" data-e-type=\"container\" data-settings=\"{&quot;jet_parallax_layout_list&quot;:[]}\">\n\t\t<div class=\"elementor-element elementor-element-48fa976 e-con-full e-flex e-con e-child\" data-id=\"48fa976\" data-element_type=\"container\" data-e-type=\"container\" data-settings=\"{&quot;jet_parallax_layout_list&quot;:[]}\">\n\t\t\t\t<div class=\"elementor-element elementor-element-8f901b6 elementor-widget elementor-widget-text-editor\" data-id=\"8f901b6\" data-element_type=\"widget\" data-e-type=\"widget\" data-widget_type=\"text-editor.default\">\n\t\t\t\t\t\t\t\t\t<p>Busques una forma original i emocionant de celebrar el comiat de solter a Mallorca? A VR Mallorca, us oferim una experi\u00e8ncia de realitat virtual que superar\u00e0 totes les expectatives. Oblideu-vos dels plans avorrits i submergiu-vos en una aventura \u00e8pica que el nuvi i els seus amics recordaran per sempre.  <br><br><\/p><h3><b>Qu\u00e8 fa \u00fanica la nostra experi\u00e8ncia per a comiats?<\/b><\/h3><ul><li><p style=\"text-align: left;\"><b>Acci\u00f3 i Adrenalina:<\/b> Lluita contra onades de zombis, exploreu gal\u00e0xies llunyanes o competiu en emocionants desafiaments. Les nostres experi\u00e8ncies de realitat virtual s\u00f3n el pla perfecte per als amants de lacci\u00f3 i la diversi\u00f3. <\/p><\/li><li style=\"text-align: left;\"><p><b>Companyonia al M\u00e0xim:<\/b> La realitat virtual sense cables us permet moure-us lliurement i interactuar entre vosaltres en temps real. Formeu equip per superar els reptes i treballeu junts per assolir el vostre objectiu. <\/p><\/li><li style=\"text-align: left;\"><p><b>Moments Inoblidables:<\/b> Riure, emoci\u00f3 i adrenalina estan garantides. La nostra experi\u00e8ncia no nom\u00e9s \u00e9s un joc, \u00e9s una oportunitat per crear records memorables amb els vostres. <\/p><\/li><li><p style=\"text-align: left;\"><b>Plans Personalitzats:<\/b> Adaptem el pla al vostre grup. Podreu triar l&#8217;experi\u00e8ncia que m\u00e9s us agradi i, si voleu, afegir extres perqu\u00e8 la celebraci\u00f3 sigui encara m\u00e9s especial. <\/p><\/li><\/ul><h4><b><br>Reserva la vostra Aventura Ara!<\/b><\/h4><p>Contacta amb nosaltres per planificar el comiat de solter m\u00e9s original de Mallorca. El nostre equip us ajudar\u00e0 a triar el paquet perfecte ia resoldre qualsevol dubte que tingueu. Prepareu-vos per a una experi\u00e8ncia fora d&#8217;aquest m\u00f3n!  <\/p><h4><b><br>El nostre Pack Comiat de Solter Inclou:<\/b><\/h4><ul><li><p style=\"text-align: left;\">Sessi\u00f3 privada de realitat virtual.<\/p><\/li><li style=\"text-align: left;\"><p>Elecci\u00f3 de lexperi\u00e8ncia VR.<\/p><\/li><li><p style=\"text-align: left;\">Espai per celebrar abans o despr\u00e9s de la sessi\u00f3.<\/p><\/li><\/ul>\t\t\t\t\t\t\t\t<\/div>\n\t\t<div class=\"elementor-element elementor-element-5d43177 e-grid e-con-full e-con e-child\" data-id=\"5d43177\" data-element_type=\"container\" data-e-type=\"container\" data-settings=\"{&quot;jet_parallax_layout_list&quot;:[]}\">\n\t\t\t\t<div class=\"elementor-element elementor-element-0065c22 elementor-align-center elementor-widget__width-inherit elementor-widget elementor-widget-button\" data-id=\"0065c22\" data-element_type=\"widget\" data-e-type=\"widget\" data-widget_type=\"button.default\">\n\t\t\t\t\t\t\t\t\t\t<a class=\"elementor-button elementor-button-link elementor-size-md\" href=\"https:\/\/ecom.roller.app\/zerolatencymallorca\/reservas\/es\/products\" target=\"_blank\" rel=\"noopener noreferrer nofollow\">\n\t\t\t\t\t\t<span class=\"elementor-button-content-wrapper\">\n\t\t\t\t\t\t\t\t\t<span class=\"elementor-button-text\">RESERVA EL TEU ESDEVENIMENT ARA<\/span>\n\t\t\t\t\t<\/span>\n\t\t\t\t\t<\/a>\n\t\t\t\t\t\t\t\t<\/div>\n\t\t\t\t<div class=\"elementor-element elementor-element-f5ec682 elementor-align-center elementor-widget__width-inherit elementor-widget elementor-widget-button\" data-id=\"f5ec682\" data-element_type=\"widget\" data-e-type=\"widget\" data-widget_type=\"button.default\">\n\t\t\t\t\t\t\t\t\t\t<a class=\"elementor-button elementor-button-link elementor-size-md\" href=\"#elementor-action%3Aaction%3Dpopup%3Aopen%26settings%3DeyJpZCI6MjEyMiwidG9nZ2xlIjpmYWxzZX0%3D\">\n\t\t\t\t\t\t<span class=\"elementor-button-content-wrapper\">\n\t\t\t\t\t\t\t\t\t<span class=\"elementor-button-text\">SOL\u00b7LICITAR INFORMACI\u00d3<\/span>\n\t\t\t\t\t<\/span>\n\t\t\t\t\t<\/a>\n\t\t\t\t\t\t\t\t<\/div>\n\t\t\t\t<\/div>\n\t\t\t\t<\/div>\n\t\t\t\t<\/div>\n\t\t\t\t<\/div>\n\t\t\t\t\t<\/div>\n\t\t\t\t<\/div>\n\t\t\t\t<\/div>\n\t\t","protected":false},"excerpt":{"rendered":"<p>El Comiat de Solter Definitiu a Mallorca t&#8217;espera! Esdeveniment ZL + Minijocs (8-24 jugadors) 30 minuts d&#8217;acci\u00f3 hiperreal d&#8217;\u00faltima generaci\u00f3 amb trets i adrenalina + 30 minuts de jocs curts perfectes per a una estona de rialles. RESERVAR Consultar MEN\u00da PUMO FOODTRUCK Tria el teu men\u00fa en reservar (fins a 48 h abans). Esdeveniment ZL [&hellip;]<\/p>\n","protected":false},"author":1,"featured_media":0,"parent":996,"menu_order":0,"comment_status":"closed","ping_status":"closed","template":"","meta":{"footnotes":""},"class_list":["post-1714","page","type-page","status-publish","hentry"],"_links":{"self":[{"href":"https:\/\/mallorcavr.es\/ca\/wp-json\/wp\/v2\/pages\/1714","targetHints":{"allow":["GET"]}}],"collection":[{"href":"https:\/\/mallorcavr.es\/ca\/wp-json\/wp\/v2\/pages"}],"about":[{"href":"https:\/\/mallorcavr.es\/ca\/wp-json\/wp\/v2\/types\/page"}],"author":[{"embeddable":true,"href":"https:\/\/mallorcavr.es\/ca\/wp-json\/wp\/v2\/users\/1"}],"replies":[{"embeddable":true,"href":"https:\/\/mallorcavr.es\/ca\/wp-json\/wp\/v2\/comments?post=1714"}],"version-history":[{"count":9,"href":"https:\/\/mallorcavr.es\/ca\/wp-json\/wp\/v2\/pages\/1714\/revisions"}],"predecessor-version":[{"id":3771,"href":"https:\/\/mallorcavr.es\/ca\/wp-json\/wp\/v2\/pages\/1714\/revisions\/3771"}],"up":[{"embeddable":true,"href":"https:\/\/mallorcavr.es\/ca\/wp-json\/wp\/v2\/pages\/996"}],"wp:attachment":[{"href":"https:\/\/mallorcavr.es\/ca\/wp-json\/wp\/v2\/media?parent=1714"}],"curies":[{"name":"wp","href":"https:\/\/api.w.org\/{rel}","templated":true}]}}